{"id":87,"date":"2013-10-28T20:51:29","date_gmt":"2013-10-28T18:51:29","guid":{"rendered":"http:\/\/www.fricsay.hu\/?page_id=87"},"modified":"2013-11-18T22:26:20","modified_gmt":"2013-11-18T20:26:20","slug":"a-magyar-katonazene-tortenete","status":"publish","type":"page","link":"http:\/\/www.fricsay.hu\/?page_id=87","title":{"rendered":"A magyar katonazene t\u00f6rt\u00e9nete"},"content":{"rendered":"<p style=\"text-align: justify;\"><span style=\"font-family: 'times new roman', times; font-size: medium;\">A magyar katonazene t\u00f6rt\u00e9nete szorosan \u00f6sszef\u00fcgg Magyarorsz\u00e1g \u00e9s honv\u00e9delm\u00e9nek t\u00f6rt\u00e9nelmi korszakainak, valamint a magyar zenet\u00f6rt\u00e9net v\u00e1ltoz\u00e1saival. A magyar katonazenekarok hely\u00e9t \u00e9s szerep\u00e9t a magyar honv\u00e9delemben mindig a hader\u0151fejleszt\u00e9s illetve az \u00e1tszervez\u00e9sek v\u00e1ltoz\u00e1sai hat\u00e1rozt\u00e1k meg. Napjainkra a magyar katonazenei \u00e9let reprezent\u00e1nsai b\u00fcszk\u00e9k arra a k\u00f6zel 1000 \u00e9ves szakmai m\u00faltra amelyet az el\u0151d\u00f6k r\u00e1nk hagyom\u00e1nyoztak \u00e9s amellyel a magyar katonazen\u00e9t egyediv\u00e9 var\u00e1zsolt\u00e1k a vil\u00e1gban.<\/span><\/p>\n<h3><strong>A kezdetek<\/strong><\/h3>\n<p style=\"text-align: justify;\"><a href=\"http:\/\/www.fricsay.hu\/wp-content\/uploads\/2013\/10\/kezdetek-1-4-3-k\u00e9par\u00e1ny.jpg\"><img decoding=\"async\" loading=\"lazy\" class=\"alignnone size-full wp-image-197\" style=\"margin: 10px; border: 1px solid black; float: left;\" alt=\"kezdetek 1 4-3 k\u00e9par\u00e1ny\" src=\"http:\/\/www.fricsay.hu\/wp-content\/uploads\/2013\/10\/kezdetek-1-4-3-k\u00e9par\u00e1ny.jpg\" width=\"300\" height=\"225\" srcset=\"http:\/\/www.fricsay.hu\/wp-content\/uploads\/2013\/10\/kezdetek-1-4-3-k\u00e9par\u00e1ny.jpg 1772w, http:\/\/www.fricsay.hu\/wp-content\/uploads\/2013\/10\/kezdetek-1-4-3-k\u00e9par\u00e1ny-300x225.jpg 300w, http:\/\/www.fricsay.hu\/wp-content\/uploads\/2013\/10\/kezdetek-1-4-3-k\u00e9par\u00e1ny-1024x767.jpg 1024w\" sizes=\"(max-width: 300px) 100vw, 300px\" \/><\/a><\/p>\n<p style=\"text-align: justify;\"><span style=\"font-family: 'times new roman', times; font-size: medium;\">A magyar katonazene t\u00f6rt\u00e9nete &#8211; \u00fagy mint Eur\u00f3p\u00e1ban &#8211; a hadi zen\u00e9szekkel, az \u00fagynevezett \u201ehang\u00e1szok\u201d zenei tev\u00e9kenys\u00e9g\u00e9vel kezd\u0151d\u00f6tt, akik k\u00fcrt \u00e9s dob jeleket j\u00e1tszva vettek r\u00e9szt a hadsereg hadi- tev\u00e9kenys\u00e9geiben.<\/span><br \/>\n<span style=\"font-family: 'times new roman', times; font-size: medium;\"> A magyar katonazene els\u0151 t\u00f6rt\u00e9neti bizony\u00edt\u00e9k\u00e1t a 926-ban lejegyzett Ekkeh\u00e1rd kr\u00f3nik\u00e1ja \u00f6r\u00f6k\u00edtette meg, amelyben egy magyar katonai csapat d\u00e9l-n\u00e9metorsz\u00e1gi hadi cselekm\u00e9nyeir\u0151l ad h\u00edrt. A t\u00f6rt\u00e9netet a \u201eSzentgalleni kaland\u201d n\u00e9ven Heribaldus bar\u00e1t jegyezte le. A t\u00f6rt\u00e9net\u00edr\u00f3 a magyarok sz\u00f3rakoz\u00e1s\u00e1t mutatja be r\u00e9szletesen, majd befejez\u00e9sk\u00e9nt \u00edrja, hogy \u201e <span style=\"font-size: small;\"><em>mikor azonban k\u00e9meik k\u00fcrtsz\u00f3val \u00e9s ki\u00e1lt\u00e1sokkal ellens\u00e9g k\u00f6zeledt\u00e9re figyelmeztett\u00e9k \u0151ket, kirohantak \u00e9s gyorsan csatarendbe \u00e1llva elvonultak<\/em><\/span>\u201d.<\/span><br \/>\n<span style=\"font-family: 'times new roman', times; font-size: medium;\"> A tud\u00f3s\u00edt\u00e1sban nyilv\u00e1nval\u00f3an zenei adat, a magyarok harci k\u00fcrtjeleinek eml\u00edt\u00e9se, amelyekr\u0151l m\u00e1sutt is besz\u00e9l e kr\u00f3nika. \u00a0 \u00a0 \u00a0 \u00a0 \u00a0 \u00a0 \u00a0 \u00a0 \u00a0 \u00a0 \u00a0 \u00a0 \u00a0 \u00a0 \u00a0 \u00a0 \u00a0 \u00a0 \u00a0 \u00a0 \u00a0 \u00a0 \u00a0 \u00a0 \u00a0 \u00a0 \u00a0 \u00a0 \u00a0 \u00a0 \u00a0 \u00a0 \u00a0 \u00a0 \u00a0 \u00a0 \u00a0 \u00a0 \u00a0 \u00a0 \u00a0 \u00a0 \u00a0 \u00a0 \u00a0 \u00a0 \u00a0 \u00a0 \u00a0 \u00a0 \u00a0 \u00a0 \u00a0 \u00a0 \u00a0 \u00a0 \u00a0 \u00a0 \u00a0 \u00a0 \u00a0 \u00a0 \u00a0 \u00a0 \u00a0 \u00a0<\/span><span style=\"font-family: 'times new roman', times; font-size: medium;\">A legismertebb magyar monda is szolg\u00e1ltat adatot arr\u00f3l, hogy a kora-k\u00f6z\u00e9pkori magyar sereg haszn\u00e1lt jelz\u0151-hangszereket az \u00fctk\u00f6zetekben.<\/span><\/p>\n<p style=\"text-align: justify;\"><span style=\"font-family: 'times new roman', times; font-size: medium;\"><span style=\"font-size: small;\"><em>&#8222;Lehel vez\u00e9r serege \u00e1zottan, csatakosan \u00e9rkezett Augsburg v\u00e1ra al\u00e1 \u00e9s egyetlen rohammal akarta bevenni Ulrik p\u00fcsp\u00f6kt\u0151l Augsburg v\u00e1r\u00e1t. Lehel, a k\u00fcrtj\u00e9be f\u00fajt \u00e9s ezer meg ezer torok felelt a k\u00fcrtnek, majd hadrendbe \u00e1lltak \u00e9s kezdet\u00e9t vette az ostrom. \u00a0A p\u00fcsp\u00f6k seregeit t\u00e1mogatva meg\u00e9rkeztek Konr\u00e1d cs\u00e1sz\u00e1r hadereje is, \u00e9s megt\u00e1madt\u00e1k a magyarokat. \u00a0A magyar lovasroham visszaszor\u00edtotta a cs\u00e1sz\u00e1ri el\u0151\u0151rs\u00f6t, de akkor szembetal\u00e1lt\u00e1k magukat a m\u00e1r harci alakzatot \u00f6lt\u00f6tt der\u00e9khaddal, s a t\u00faler\u0151 egykett\u0151re meg\u00e1ll\u00edtotta \u0151ket. \u00a0A magyar lovasok megfutamodtak. \u00a0Lehel a fut\u00f3kat l\u00e1tv\u00e1n, k\u00fcrtj\u00e9be f\u00fajt, le\u00e1ll\u00edtotta az ostromot, \u00e9s a magyar sereg sebt\u00e9ben szembefordult a t\u00faler\u0151ben l\u00e9v\u0151 cs\u00e1sz\u00e1riakkal. Lehel maga is derekasan k\u00fczd\u00f6tt, hullott k\u00f6r\u00fcl\u00f6tte az ellens\u00e9g, de l\u00e9p\u00e9sr\u0151l l\u00e9p\u00e9sre szor\u00edtott\u00e1k h\u00e1tra, neki a meg\u00e1radt Lech foly\u00f3nak. A cs\u00e1sz\u00e1riak meg\u00e9rezt\u00e9k a gy\u0151zelem \u00edz\u00e9t, egyre elsz\u00e1ntabban harcoltak a gy\u0171l\u00f6lt ellens\u00e9g ellen. A magyarok sorai megbomlottak, itt-ott m\u00e1r menek\u00fcl\u00e9sre fogt\u00e1k, de nem volt menekv\u00e9s, akit nem v\u00e1gtak le, az a foly\u00f3ba zuhant. \u00a0A foly\u00f3 sz\u00e9l\u00e9hez szor\u00edtva egyed\u00fcl Lehel k\u00fczd\u00f6tt csak n\u00e9h\u00e1ny ember\u00e9vel, k\u00f6r\u00fcl\u00f6tte a cs\u00e1sz\u00e1riak, mint a rajz\u00f3 darazsak. Ler\u00e1ntott\u00e1k a nyeregb\u0151l, r\u00e1vetett\u00e9k magukat, fogt\u00e1k vasmarokkal. \u00a0A harc v\u00e9gezt\u00e9vel a cs\u00e1sz\u00e1r l\u00e1ba el\u00e9 h\u00e1nyt\u00e1k a magyarok harci jelv\u00e9nyeit, a zs\u00e1km\u00e1nyolt fegyvereket, odahaj\u00edtott\u00e1k Lehel k\u00fcrtj\u00e9t is.&#8221;<\/em> <\/span>\u00a0<\/span><\/p>\n<p>&nbsp;<\/p>\n<p style=\"text-align: justify;\"><span style=\"font-family: 'times new roman', times; font-size: medium;\">Lehel vez\u00e9r mond\u00e1ja csak fokozatosan alakult ki. Egyes elemei m\u00e1r Anonymus-n\u00e1l felbukkannak. Legkor\u00e1bbi teljes megfogalmaz\u00e1s\u00e1ban pedig 1358-ban, a B\u00e9csi K\u00e9pes Kr\u00f3nik\u00e1ban szerepel.<\/span><\/p>\n<p style=\"text-align: justify;\"><a href=\"http:\/\/www.fricsay.hu\/wp-content\/uploads\/2013\/10\/kezdetek-2-4-3-k\u00e9par\u00e1ny.jpg\"><img decoding=\"async\" loading=\"lazy\" class=\"alignnone size-full wp-image-198\" style=\"margin: 10px; border: 1px solid black; float: right;\" alt=\"kezdetek 2 4-3 k\u00e9par\u00e1ny\" src=\"http:\/\/www.fricsay.hu\/wp-content\/uploads\/2013\/10\/kezdetek-2-4-3-k\u00e9par\u00e1ny.jpg\" width=\"300\" height=\"225\" srcset=\"http:\/\/www.fricsay.hu\/wp-content\/uploads\/2013\/10\/kezdetek-2-4-3-k\u00e9par\u00e1ny.jpg 1772w, http:\/\/www.fricsay.hu\/wp-content\/uploads\/2013\/10\/kezdetek-2-4-3-k\u00e9par\u00e1ny-300x225.jpg 300w, http:\/\/www.fricsay.hu\/wp-content\/uploads\/2013\/10\/kezdetek-2-4-3-k\u00e9par\u00e1ny-1024x767.jpg 1024w\" sizes=\"(max-width: 300px) 100vw, 300px\" \/><\/a><\/p>\n<p style=\"text-align: justify;\"><span style=\"font-family: 'times new roman', times; font-size: medium;\">Az \u00e1llamalap\u00edt\u00e1st k\u00f6vet\u0151 \u00e9vsz\u00e1zadokban adatokat tal\u00e1lhatunk a kir\u00e1lyi udvartart\u00e1st szolg\u00e1l\u00f3 hadi &#8211; trombit\u00e1sok, k\u00fcrt\u00f6s\u00f6k, dobosok tev\u00e9kenys\u00e9g\u00e9r\u0151l, akiknek sz\u00e1mtalan m\u0171k\u00f6d\u00e9si ter\u00fcletei voltak. A kir\u00e1lyok \u00e9s f\u0151urak udvartart\u00e1s\u00e1nak, reprezentat\u00edv \u00fcnneps\u00e9geinek \u00e1lland\u00f3 szerepl\u0151ik\u00e9nt, j\u00e1tszanak a koron\u00e1z\u00e1sok, kir\u00e1lyi esk\u00fcv\u0151k, tekint\u00e9lyes vend\u00e9gek fogad\u00e1sok alkalm\u00e1val \u00e9s urukkal vonulnak a k\u00fclf\u00f6ldi utakra, hadi esem\u00e9nyekre.<\/span><br \/>\n<span style=\"font-family: 'times new roman', times; font-size: medium;\"> Zsigmond kir\u00e1lyt 16 s\u00edpos, trombit\u00e1s, k\u00fcrt\u00f6s k\u00eds\u00e9ri franciaorsz\u00e1gi l\u00e1togat\u00e1s\u00e1ra, \u00e9pp \u00fagy mint M\u00e1ty\u00e1st 1485-ben, a cseh kir\u00e1llyal val\u00f3 Jihlavai tal\u00e1lkoz\u00f3j\u00e1ra. A zene itt a hatalom jelk\u00e9pek\u00e9nt jelenik meg, a zen\u00e9szek d\u00edszes ruh\u00e1ja, n\u00e9ha arannyal bevont trombit\u00e1juk a felvonul\u00e1s f\u00e9ny\u00e9t emeli. Miut\u00e1n szerepl\u00e9s\u00fck kiemelked\u0151 jelent\u0151s\u00e9g\u0171 &#8211; \u00e1lland\u00f3 k\u00e9szenl\u00e9t \u00e9s rendk\u00edv\u00fcli hadi szolg\u00e1lat &#8211; ennek megfelel\u0151en juttat\u00e1saik is azt mutatj\u00e1k, hogy egy kiemelt t\u00e1rsadalmi r\u00e9teget k\u00e9peznek. Ezt bizony\u00edtj\u00e1k az adom\u00e1nyozott \u2013 sokszor r\u00f3luk elnevezett \u2013 falvak, birtokok (k\u00fcrt\u00f6s, dobos helyis\u00e9gnevek).<\/span><\/p>\n<p style=\"text-align: justify;\"><a href=\"http:\/\/www.fricsay.hu\/wp-content\/uploads\/2013\/10\/N\u00e1ndorfeh\u00e9rv\u00e1ri-\u00fctk\u00f6zet.jpg\"><img decoding=\"async\" loading=\"lazy\" class=\"alignnone size-full wp-image-201\" style=\"vertical-align: middle;\" title=\"Moh\u00e1csi csata - II. Lajos magyar hadik\u00fcrt\u00f6s\u00f6kkel, \" alt=\"Moh\u00e1csi csata - II. Lajos magyar hadik\u00fcrt\u00f6s\u00f6kkel, \" src=\"http:\/\/www.fricsay.hu\/wp-content\/uploads\/2013\/10\/N\u00e1ndorfeh\u00e9rv\u00e1ri-\u00fctk\u00f6zet.jpg\" width=\"1653\" height=\"797\" srcset=\"http:\/\/www.fricsay.hu\/wp-content\/uploads\/2013\/10\/N\u00e1ndorfeh\u00e9rv\u00e1ri-\u00fctk\u00f6zet.jpg 1653w, http:\/\/www.fricsay.hu\/wp-content\/uploads\/2013\/10\/N\u00e1ndorfeh\u00e9rv\u00e1ri-\u00fctk\u00f6zet-300x144.jpg 300w, http:\/\/www.fricsay.hu\/wp-content\/uploads\/2013\/10\/N\u00e1ndorfeh\u00e9rv\u00e1ri-\u00fctk\u00f6zet-1024x493.jpg 1024w\" sizes=\"(max-width: 1653px) 100vw, 1653px\" \/><\/a><\/p>\n<p style=\"text-align: justify;\"><span style=\"font-family: 'times new roman', times; font-size: medium;\">A magyar hangszeres zen\u00e9szeknek ez a legrendezettebb csal\u00e1dja \u00e9s ezt nemcsak az udvari fegyelem, de a h\u00e1bor\u00faban val\u00f3 szerep\u00fck is indokolja, hiszen jelz\u00e9seiknek egy\u00e9rtelm\u0171 meghat\u00e1rozott jelent\u00e9se volt. Csat\u00e1ban a vez\u00e9r a mellette \u00e1ll\u00f3 trombit\u00e1s jelz\u00e9seivel ir\u00e1ny\u00edtotta a csapatok mozg\u00e1s\u00e1t. Hangszer jeleikkel a sereg vez\u00e9nyl\u0151i, harsog\u00e1sokkal \u00f6v\u00e9ik b\u00e1tor\u00edt\u00f3i \u00e9s az ellens\u00e9g r\u00e9m\u00edt\u0151i (mint ezt a n\u00e1ndorfeh\u00e9rv\u00e1ri csata kr\u00f3nik\u00e1j\u00e1ban olvashatjuk). Hangszer\u00fckre felf\u00fcggesztett z\u00e1szl\u00f3k a kisebb egys\u00e9gek gy\u00fclekez\u00e9si, t\u00e1j\u00e9koz\u00e1si pontj\u00e1t adj\u00e1k. M\u00e1ty\u00e1s sereg\u00e9nek egy lovas z\u00e1szl\u00f3alja 430 lovasb\u00f3l \u00e1llott, s a vezet\u00e9klovakat is sz\u00e1m\u00edtva 550 l\u00f3val rendelkezett. Minden egyes sz\u00e1zadnak volt egy trombit\u00e1sa, \u00edgy egy z\u00e1szl\u00f3aljnak 4 trombit\u00e1sa volt. A trombit\u00e1kon k\u00fcl\u00f6nb\u00f6z\u0151 sz\u00edn\u0171 z\u00e1szl\u00f3k voltak. Ebb\u0151l k\u00f6vetkez\u0151en a lovas trombit\u00e1s, aki nemes \u00e9s f\u0151tiszt, hangszer\u00e9vel nem csup\u00e1n k\u00fcl\u00f6nb\u00f6z\u0151 hangjelz\u00e9seket ad a harcok idej\u00e9n, hanem egyben z\u00e1szl\u00f3viv\u0151 is. A trombit\u00e1st mindig 4-5 lovas vette k\u00f6r\u00fcl v\u00e9delem c\u00e9lj\u00e1b\u00f3l.<\/span><br \/>\n<span style=\"font-family: 'times new roman', times; font-size: medium;\"> Hasonl\u00f3 a helyzet a f\u0151\u00fari seregekn\u00e9l is (mint az egri, esztergomi p\u00fcsp\u00f6ki sz\u00e1rmaz\u00e1sk\u00f6nyvekb\u0151l kider\u00fcl).\u00a0De jut nekik b\u00e9k\u00e9sebb szerep is: arr\u00f3l olvasunk pl., hogy Bud\u00e1n az el\u0151kel\u0151k lakom\u00e1in az eb\u00e9d fog\u00e1sainak behozatal\u00e1t trombit\u00e1k \u00e9s dobok harsog\u00e1sa jelenti be.\u00a0K\u00f6z\u00e9pkori nyugati kr\u00f3nik\u00e1k gyakran eml\u00edtik a magyar fajt\u00e1j\u00fa dobot a k\u00fcl\u00f6nleges j\u00e1t\u00e9km\u00f3d \u00e9s st\u00edlus miatt.\u00a0Mindezen adatok t\u00fckr\u00f6zik a korszak hazai zenei adotts\u00e1gait, hagyom\u00e1nyait a f\u00fav\u00f3sok (hadizen\u00e9szek) vezet\u0151 poz\u00edci\u00f3j\u00e1t.<\/span><\/p>\n<p style=\"text-align: justify;\"><a href=\"http:\/\/www.fricsay.hu\/wp-content\/uploads\/2013\/10\/5.M\u00e1ty\u00e1s-kir\u00e1ly-hadi-trombit\u00e1sa-metszet-a-B\u00e9csi-Udvari-K\u00e1rtya-magyar-sorozat\u00e1b\u00f3l..jpg\"><img decoding=\"async\" loading=\"lazy\" class=\"alignnone size-full wp-image-204\" style=\"margin: 10px; border: 1px solid black; float: left;\" title=\"M\u00e1ty\u00e1s kir\u00e1ly hadi-trombit\u00e1sa - metszet a B\u00e9csi Udvari K\u00e1rtya magyar sorozat\u00e1b\u00f3l.\" alt=\"5.M\u00e1ty\u00e1s kir\u00e1ly hadi-trombit\u00e1sa - metszet a B\u00e9csi Udvari K\u00e1rtya magyar sorozat\u00e1b\u00f3l.\" src=\"http:\/\/www.fricsay.hu\/wp-content\/uploads\/2013\/10\/5.M\u00e1ty\u00e1s-kir\u00e1ly-hadi-trombit\u00e1sa-metszet-a-B\u00e9csi-Udvari-K\u00e1rtya-magyar-sorozat\u00e1b\u00f3l..jpg\" width=\"250\" height=\"367\" srcset=\"http:\/\/www.fricsay.hu\/wp-content\/uploads\/2013\/10\/5.M\u00e1ty\u00e1s-kir\u00e1ly-hadi-trombit\u00e1sa-metszet-a-B\u00e9csi-Udvari-K\u00e1rtya-magyar-sorozat\u00e1b\u00f3l..jpg 2284w, http:\/\/www.fricsay.hu\/wp-content\/uploads\/2013\/10\/5.M\u00e1ty\u00e1s-kir\u00e1ly-hadi-trombit\u00e1sa-metszet-a-B\u00e9csi-Udvari-K\u00e1rtya-magyar-sorozat\u00e1b\u00f3l.-204x300.jpg 204w, http:\/\/www.fricsay.hu\/wp-content\/uploads\/2013\/10\/5.M\u00e1ty\u00e1s-kir\u00e1ly-hadi-trombit\u00e1sa-metszet-a-B\u00e9csi-Udvari-K\u00e1rtya-magyar-sorozat\u00e1b\u00f3l.-697x1024.jpg 697w\" sizes=\"(max-width: 250px) 100vw, 250px\" \/><\/a><\/p>\n<p style=\"text-align: justify;\"><span style=\"font-family: 'times new roman', times; font-size: medium;\">A XV. sz\u00e1zad v\u00e9g\u00e9r\u0151l adatok tal\u00e1lhatunk a kir\u00e1lyi zenekar zen\u00e9szeir\u0151l, akik 1494 \u00e9s 1495 k\u00f6r\u00fcl Bud\u00e1n m\u0171k\u00f6dtek, \u00e9s f\u0151leg katonazen\u00e9t j\u00e1tszottak. A korabeli kis l\u00e9tsz\u00e1m\u00fa zenekarokhoz k\u00e9pest el\u00e9g nagy sz\u00e1mban: 10-12 k\u00fcrt\u00f6s \u00e9s 6 dobos szerepel az adatok k\u00f6z\u00f6tt.\u00a0A N\u00e1ndorfeh\u00e9rv\u00e1ri csat\u00e1k \u00e9s a gy\u0151zelem alatt sz\u00e1mtalan alkalommal hallunk trombit\u00e1sokr\u00f3l \u00e9s azok szerep\u00e9r\u0151l. Ezen id\u0151szak kr\u00f3nik\u00e1s\u00e1nak <span style=\"font-size: small;\"><strong>Giovanni Tagliacozzo<\/strong><\/span> francisk\u00e1nus bar\u00e1t \u00edr\u00e1saib\u00f3l id\u00e9z\u00fcnk:<\/span><\/p>\n<p style=\"text-align: justify;\"><span style=\"font-family: 'times new roman', times; font-size: small;\"><em>\u201eM\u00e1r Kapisztr\u00e1n fogad\u00e1sa a tipikus k\u00f6z\u00e9pkori m\u00f3don folyt: Olt\u00e1riszents\u00e9ggel, relikvi\u00e1kkal, l\u00e1mp\u00e1sokkal \u00e9s \u00e9g\u0151gyerty\u00e1kkal, fa\u00e1gakat \u00e9s z\u00e1szl\u00f3kat lenget\u0151 mindk\u00e9t nembeli n\u00e9ppel, harangz\u00fag\u00e1s k\u00f6zben, \u00e9nekkel \u00e9s vid\u00e1m f\u00fav\u00f3szen\u00e9vel vezett\u00e9k be \u00fatk\u00f6zben a v\u00e1rosokba. 1456. j\u00falius 2.-\u00e1n Sarl\u00f3s Boldogasszony napj\u00e1n \u00e9rkezett N\u00e1ndorfeh\u00e9rv\u00e1rra a Kapisztr\u00e1n J\u00e1nos gy\u0171jt\u00f6tte kereszt\u00e9ny seg\u00e9lyhad, \u00f6t haj\u00f3val \u00e9s a folyamparton vonul\u00f3 gyalogs\u00e1ggal \u00e9s lovass\u00e1ggal P\u00e9terv\u00e1rad fel\u00f6l. Seregei zene \u00e9s \u00e9neksz\u00f3 mellett vonultak be a v\u00e1rosba. A t\u00fczes ferences meg\u00e9rkez\u00e9sekor mis\u00e9t mond, majd lelkes\u00edt\u0151 besz\u00e9det int\u00e9z a sereghez. Hunyadi f\u0151vez\u00e9r rendelkez\u00e9se \u00e9rtelm\u00e9ben a tov\u00e1bbiakban mindig k\u00e9t trombit\u00e1s \u00e1llott Kapisztr\u00e1n mellett\u201d.<\/em><\/span><\/p>\n<p style=\"text-align: justify;\"><span style=\"font-family: 'times new roman', times; font-size: medium;\">Kapisztr\u00e1n sereg\u00e9nek \u00e9rkez\u00e9se ut\u00e1n p\u00e1r nappal, j\u00falius els\u0151 het\u00e9ben R\u00e1ckeve fel\u0151l meg\u00e9rkezett Hunyadi J\u00e1nos f\u0151serege is. Csatahaj\u00f3it a Duna k\u00e9t partj\u00e1n a lovass\u00e1g k\u00eds\u00e9rte. Ezek a jobb \u00e9s bal parton halad\u00f3 alakulatok s a v\u00edzi haj\u00f3had, k\u00fcrtjelekkel tartott\u00e1k egym\u00e1ssal a kapcsolatot. J\u00falius 14.-\u00e9n v\u00edvj\u00e1k meg az els\u0151 csat\u00e1t.\u00a0<\/span><span style=\"font-family: 'times new roman', times; font-size: medium;\">Err\u0151l Ste\u00e1d Eddin t\u00f6r\u00f6k k\u00f6lt\u0151 a T\u00f6rt\u00e9netek Koron\u00e1ja c\u00edm\u0171 m\u0171v\u00e9ben ekk\u00e9nt dalol:<\/span><\/p>\n<p style=\"text-align: justify;\"><em><span style=\"font-family: 'times new roman', times; font-size: medium;\">\u201eA trombit\u00e1k harsog\u00e1sa, harci dobok ropog\u00e1sa bet\u00f6lt\u00f6tte keletet \u00e9s nyugatot, a kardok csattog\u00e1s\u00e1nak hangjai, az \u00e9g kapuj\u00e1ig felhatolt\u2026\u201d \u00a0 \u00a0 \u00a0 \u00a0 \u00a0 \u00a0 \u00a0 \u00a0 \u00a0 \u00a0 \u00a0 \u00a0 \u00a0 \u00a0 \u00a0 \u00a0 \u00a0 \u00a0 \u00a0 \u00a0 \u00a0 \u00a0 \u00a0 \u00a0 \u00a0 \u00a0 \u00a0 \u00a0 \u00a0 \u00a0 \u00a0 \u00a0\u201eMinden egyes csapatot felszereltek hangszerekkel: ezek az emberek lelkes\u00edt\u00e9sre szolg\u00e1ltak. Voltak ott trombit\u00e1k, k\u00fcrt\u00f6k, dobok, heged\u0171k, csengetty\u0171k el\u00e9g nagy sz\u00e1mmal.\u201d<\/span><\/em><\/p>\n<p style=\"text-align: justify;\"><strong>Giovanni Tagliaocozzo<\/strong>:\u00a0\u201e<span style=\"font-family: 'times new roman', times; font-size: small;\"><em>Egy este a t\u00f6r\u00f6k t\u00e1bor\u00e1ban sokf\u00e9le hangszer harsant fel, \u00e9s olyan lelkesed\u00e9st keltett k\u00f6zt\u00fck, hogy azt lehetett hinni: gy\u0151zni fognak \u00e9s nem vesz\u00edteni. De a keresztesek vez\u00e9re szent irigys\u00e9gre gyulladva hangon megparancsolta: mindenki akinek hangszere vagy ijeszt\u0151 szersz\u00e1ma van, \u00e9jf\u00e9lt\u0151l kezdve f\u00fajjon \u00e9s rettentsen, maradjon fenn eg\u00e9szen reggelig, akinek pedig nincsen hangszere, pajzsokat \u00e9s deszk\u00e1kat bottal \u00e9s k\u0151vel verve hatalmas \u00e9s elrettent\u0151 zajt csapjon, az ed\u00e9nyek fenek\u00e9t sem hagyva ki: mikor pedig a nap felvirradt, z\u00e1szl\u00f3kat lengetve, a t\u00f6r\u00f6k el\u0151tt vid\u00e1mnak \u00e9s \u00f6rvendez\u0151nek mutatkozzanak.\u00a0A t\u00f6r\u00f6k hadsereg k\u00fcrt\u00f6kkel \u00e9s sz\u00e1mtalan m\u00e1s hangszerrel vonult fel \u00e9s amikor t\u00e1madtak, el\u0151bb r\u00f6vid ideig minden hangszer\u00fcket megsz\u00f3laltatt\u00e1k, majd \u00fagy felord\u00edtottak, hogy ink\u00e1bb marhab\u0151g\u00e9snek, mint emberi hangnak tetszett. Ezzel szemben a v\u00e1rban dics\u0151\u00edt\u0151 \u00e9nek kelt J\u00e9zus Krisztus nev\u00e9nek harsogtat\u00e1s\u00e1val \u00e9s z\u00e1szl\u00f3lenget\u00e9ssel.\u00a0A gy\u0151zelem estej\u00e9n a v\u00e1rban \u00e9s a t\u00e1borban hatalmas \u00f6rvendez\u00e9s, \u00e9nekl\u00e9s, tombol\u00e1s \u00e9s k\u00f6rt\u00e1nc, harangsz\u00f3 \u00e9s hangszerek hangja z\u00fagott. Ezekkel azt\u00e1n akkora zajt csaptak, hogy nemcsak embereknek de \u00e1llatoknak megf\u00e9leml\u00edt\u00e9s\u00e9re \u00e9s odacsalogat\u00e1s\u00e1ra is k\u00e9pesek voltak\u201d.<\/em><\/span><\/p>\n<p style=\"text-align: justify;\"><span style=\"font-family: 'times new roman', times; font-size: medium;\">E fenti id\u00e9zetekb\u0151l levonhatjuk azt az \u00f6sszegz\u00e9st, hogy a 15. sz\u00e1zad k\u00f6zep\u00e9n gyakorlatilag ugyan\u00fagy haszn\u00e1lt\u00e1k fel a hadi k\u00fcrt\u00f6ket, trombit\u00e1kat mint az \u00f3korban: egyr\u00e9szt a k\u00fcl\u00f6nb\u00f6z\u0151 jelz\u00e9sekkel ir\u00e1ny\u00edtott\u00e1k a csapatok mozg\u00e1s\u00e1t, m\u00e1sr\u00e9szt rettenetes zajt csapva lelkes\u00edtett\u00e9k \u00f6nmagukat, \u00e9s ugyanakkor ijesztgett\u00e9k az ellens\u00e9g harcosait. Ezen hangszerek teh\u00e1t tov\u00e1bbra is \u0151rzik \u0151si karakter\u00fcket, amelyre a harc \u00e9s a h\u0151siess\u00e9g a jellemz\u0151.<\/span><\/p>\n<p style=\"text-align: justify;\"><a href=\"http:\/\/www.fricsay.hu\/wp-content\/uploads\/2013\/10\/11.-Udvari-muzsikusok-a-XVI.-sz\u00e1zadban..jpg\"><img decoding=\"async\" loading=\"lazy\" class=\"alignnone size-full wp-image-205\" style=\"margin: 10px; border: 1px solid black; float: right;\" alt=\"11. Udvari muzsikusok a XVI. sz\u00e1zadban.\" src=\"http:\/\/www.fricsay.hu\/wp-content\/uploads\/2013\/10\/11.-Udvari-muzsikusok-a-XVI.-sz\u00e1zadban..jpg\" width=\"300\" height=\"175\" srcset=\"http:\/\/www.fricsay.hu\/wp-content\/uploads\/2013\/10\/11.-Udvari-muzsikusok-a-XVI.-sz\u00e1zadban..jpg 518w, http:\/\/www.fricsay.hu\/wp-content\/uploads\/2013\/10\/11.-Udvari-muzsikusok-a-XVI.-sz\u00e1zadban.-300x175.jpg 300w\" sizes=\"(max-width: 300px) 100vw, 300px\" \/><\/a><\/p>\n<p style=\"text-align: justify;\"><span style=\"font-family: 'times new roman', times; font-size: medium;\">A t\u00f6r\u00f6k h\u00f3dolts\u00e1g alatt a magyar katonazene a f\u0151\u00fari udvarok udvartart\u00e1s\u00e1nak r\u00e9szek\u00e9nt els\u0151 alkalommal szervez\u0151d\u00f6tt tizennyolc f\u0151s zenekarr\u00e1, (10 trombita, 3 s\u00edp, 5 heged\u0171) amely I. Apafi Mih\u00e1ly szolg\u00e1lat\u00e1ban f\u0151leg az akkor \u00fagynevezett \u201efelvonul\u00e1si zen\u00e9t\u201d j\u00e1tszott. Hasonl\u00f3 fel\u00e1ll\u00e1sban tal\u00e1lhatunk zenekart a XVII. sz\u00e1zad v\u00e9g\u00e9n Th\u00f6k\u00f6ly erd\u00e9lyi rezidenci\u00e1j\u00e1ban (15 trombita, 6 s\u00edp, 4 heged\u0171, 2 dob).\u00a0<\/span><span style=\"font-family: 'times new roman', times; font-size: medium;\">Ezen zenei \u00f6ssze\u00e1ll\u00edt\u00e1soknak nem volt igazi zenekari hangszerel\u00e9se, csak zen\u00e9l\u00e9si alkalmakt\u00f3l f\u00fcggve nagyurak temet\u00e9s\u00e9n, esk\u00fcv\u0151k\u00f6n, \u00fcnnepi felvonul\u00e1sokon, fejedelemv\u00e1laszt\u00e1sokon hatalmi szimb\u00f3lumk\u00e9nt j\u00e1tszottak ugyanazon dallamot. Nem is maradt fel az ut\u00f3kor sz\u00e1m\u00e1ra e zenekarokt\u00f3l \u00edrott kotta vagy dallamanyag.<\/span><\/p>\n<h3 style=\"text-align: justify;\"><strong>A katonazenekarok l\u00e9trej\u00f6tte Magyarorsz\u00e1gon \/ XVII-XVIII. sz\u00e1zad<\/strong><\/h3>\n<p style=\"text-align: justify;\"><a href=\"http:\/\/www.fricsay.hu\/wp-content\/uploads\/2013\/10\/12.jpg\"><img decoding=\"async\" loading=\"lazy\" class=\"alignnone size-full wp-image-206\" style=\"float: left; margin: 10px; border: 1px solid black;\" title=\"Dobos andr\u00e1s, II R\u00e1k\u00f3czi Ferenc \u00fcstdobosa- k\u00e9sz\u00fclt 1745-ben\" alt=\"12\" src=\"http:\/\/www.fricsay.hu\/wp-content\/uploads\/2013\/10\/12.jpg\" width=\"300\" height=\"290\" srcset=\"http:\/\/www.fricsay.hu\/wp-content\/uploads\/2013\/10\/12.jpg 787w, http:\/\/www.fricsay.hu\/wp-content\/uploads\/2013\/10\/12-300x290.jpg 300w\" sizes=\"(max-width: 300px) 100vw, 300px\" \/><\/a><\/p>\n<p style=\"text-align: justify;\"><span style=\"font-family: 'times new roman', times; font-size: medium;\">A XVII. sz\u00e1zad v\u00e9g\u00e9n nagy v\u00e1ltoz\u00e1son ment \u00e1t az \u00e1llam hatalmi eszk\u00f6ze, a hadsereg. Az \u00e1lland\u00f3 szervezett hader\u0151 l\u00e9trehoz\u00e1sa \u2013 egyenruha, egys\u00e9ges fegyverzet, vez\u00e9nysz\u00f3 \u00e9s szab\u00e1lyzat, valamint a laktany\u00e1k \u00e9p\u00edt\u00e9se &#8211; feler\u0151s\u00edtette a katonazene mindennapi felhaszn\u00e1l\u00e1s\u00e1nak sz\u00fcks\u00e9gess\u00e9g\u00e9t. \u00cdgy alakultak ki a t\u00e1bori \u00e9s szolg\u00e1lati zenei jelek rendszere, amelynek n\u00e9lk\u00fcl\u00f6zhetetlen eszk\u00f6zei voltak a k\u00fcl\u00f6nb\u00f6z\u0151 zenei hangszerek \u00e9s annak haszn\u00e1l\u00f3i a katonazen\u00e9szek.<\/span><br \/>\n<span style=\"font-family: 'times new roman', times; font-size: medium;\"> Magyarorsz\u00e1g a Habsburg Birodalom r\u00e9szek\u00e9nt nem rendelkezett saj\u00e1t \u00f6n\u00e1ll\u00f3 hader\u0151vel \u00edgy ter\u00fclet\u00e9n egy saj\u00e1tos t\u00f6bbnemzetis\u00e9g\u0171 hadsereg l\u00e1tta el az orsz\u00e1g v\u00e9delm\u00e9t. A francia mint\u00e1ra fel\u00e1ll\u00edtott cs\u00e1sz\u00e1ri \u2013 kir\u00e1lyi hadseregben a hadi muzsikusok (hang\u00e1szok) mellett a XVIII. sz\u00e1zad elej\u00e9n megjelentek a s\u00edpos \u00e9s dobos \u00f6sszet\u00e9tel\u0171 Spiel elnevez\u00e9s\u0171 zenei egy\u00fcttes, amely a katonazenekarok legels\u0151 h\u00edrn\u00f6kei voltak.<\/span><\/p>\n<p style=\"text-align: justify;\"><span style=\"font-family: 'times new roman', times; font-size: medium;\">A 150 \u00e9ves t\u00f6r\u00f6k uralom ut\u00e1n az els\u0151 k\u00e9t magyar regul\u00e1ris husz\u00e1rezredet 1688-ban \u00e1ll\u00edtott\u00e1k fel a cs\u00e1sz\u00e1ri hadseregben. E k\u00e9t ezredben, valamint a k\u00e9s\u0151bb szervezett husz\u00e1rezredekn\u00e9l a v\u00e9rtesek mint\u00e1j\u00e1ra hadizen\u00e9szk\u00e9nt \u00fcstdobost \u00e9s sz\u00e1zadonk\u00e9nt egy trombit\u00e1st szerveztek.\u00a0Ez a \u201ehang\u00e1sz\u201d l\u00e9tsz\u00e1m a magyar szabads\u00e1gharc alatt II. R\u00e1k\u00f3czi Ferenc haderej\u00e9ben a lovass\u00e1g\u00e1n\u00e1l is megtal\u00e1lhat\u00f3 volt.<\/span><\/p>\n<p style=\"text-align: justify;\"><span style=\"font-family: 'times new roman', times; font-size: medium;\"><span style=\"font-size: small;\"><strong>R\u00e9szlet a nagyszombati csata kr\u00f3nik\u00e1s\u00e1t\u00f3l<\/strong><\/span>: (1704)\u00a0\u201e<span style=\"font-size: small;\"><em>Felharsan a k\u00fcrt\u00f6k hangja. Megbolydul a t\u00e1bor. Futnak a tisztek, pattognak a parancsszavak, ahogy csatarendbe \u00e1ll\u00edtj\u00e1k a sereget, mik\u00f6zben verik a nagyriad\u00f3t.\u201d\u00a0\u201eR\u00e1k\u00f3czi parancsot adott a t\u00e1mad\u00e1sra. Az \u00e1lland\u00f3 dobperg\u00e9s k\u00f6zepette, vez\u00e9nyszavak hangzanak fel, majd a trombita-harsog\u00e1sra a lovass\u00e1g t\u00e1mad\u00e1sra lend\u00fclt.<\/em><\/span>\u201d<\/span><\/p>\n<p style=\"text-align: justify;\"><a href=\"http:\/\/www.fricsay.hu\/wp-content\/uploads\/2013\/10\/13.jpg\"><img decoding=\"async\" loading=\"lazy\" class=\"alignnone size-full wp-image-208\" style=\"margin: 10px; border: 1px solid black; float: right;\" title=\"Kurucz ezreds\u00edpos a XVIII. sz elej\u00e9r\u0151l.\" alt=\"13\" src=\"http:\/\/www.fricsay.hu\/wp-content\/uploads\/2013\/10\/13.jpg\" width=\"200\" height=\"295\" srcset=\"http:\/\/www.fricsay.hu\/wp-content\/uploads\/2013\/10\/13.jpg 1420w, http:\/\/www.fricsay.hu\/wp-content\/uploads\/2013\/10\/13-203x300.jpg 203w, http:\/\/www.fricsay.hu\/wp-content\/uploads\/2013\/10\/13-694x1024.jpg 694w\" sizes=\"(max-width: 200px) 100vw, 200px\" \/><\/a><\/p>\n<p style=\"text-align: justify;\"><span style=\"font-family: 'times new roman', times; font-size: medium;\"><span style=\"font-size: small;\"><strong>R\u00e9szlet a trencs\u00e9ni csata kr\u00f3nik\u00e1s\u00e1t\u00f3l:<\/strong><\/span> (1708)\u00a0\u201e<span style=\"font-size: small;\"><em>k\u00e9sz\u00fcl\u0151! \u2013 vert\u00e9k a dobosok, s mindj\u00e1rt ut\u00e1na szaggatott dobperg\u00e9s. Fel\u00fcl\u0151!. Kov\u00e1cs J\u00e1nos f\u0151dobos veri a b\u0151rt, mintha nem l\u00e1ngolna k\u00f6r\u00fcl\u00f6tt\u00fck a f\u00f6ld, nem d\u0151lne r\u00e1juk az eg\u00e9sz ny\u00edrfaerd\u0151, mintha m\u00e9g mindig ott k\u00e9sz\u00fcl\u0151dn\u00e9nek Eger alatt, amikor elindultak par\u00e1d\u00e9san erre a hadj\u00e1ratra. Bajusza se rezd\u00fcl, csak a keze j\u00e1r szapor\u00e1n, m\u00edg-nem r\u00e1szakad az \u00e9gbolt. Meglehet, \u00e9szreveszi a v\u00e9rtest, meztelen kardj\u00e1t, gyilkos szem\u00e9t, ez alatt a szempillant\u00e1snyi id\u0151 alatt lekapcsolja a dobot, s \u00fagy v\u00e1gja a v\u00e9rteshez, hogy beszakad a b\u0151r, s a dobfej\u0171 n\u00e9met forog, vagdos mag\u00e1ba. R\u00e1ugrik. Hogy kacag h\u00e1rom fiacsk\u00e1ja, ha hallja, mint veri apja a bunk\u00f3s v\u00e9g\u0171 dobver\u0151vel a n\u00e9metet.<\/em><\/span>\u201d<\/span><\/p>\n<p style=\"text-align: justify;\"><span style=\"font-family: 'times new roman', times; font-size: medium;\">A XVIII. Sz\u00e1zad elej\u00e9t\u0151l a magyar v\u00e1rosok kultur\u00e1lis \u00e9let\u00e9t alapvet\u0151en meghat\u00e1rozta az ott \u00e1llom\u00e1soz\u00f3 ezredek hang\u00e1szainak \u2013 trombit\u00e1sok, s\u00edposok, dobosok &#8211; zenei tev\u00e9kenys\u00e9ge, hiszen az ezredek \u00e1ltal t\u00e1masztott katonai elfoglalts\u00e1gon k\u00edv\u00fcl r\u00e9szt vettek a v\u00e1rosi rendezv\u00e9nyeken, \u00fcnneps\u00e9geken, egyh\u00e1zi szertart\u00e1sokon. Az els\u0151 magyar vonatkoz\u00e1s\u00fa katonazenekari k\u00f6zrem\u0171k\u00f6d\u00e9sr\u0151l 1717-b\u0151l tal\u00e1lhat\u00f3 adat, amikor P\u00e9csett a Xav\u00e9ri Szent Ferenc \u00fcnnep\u00e9nek mis\u00e9j\u00e9n a helyben \u00e1llom\u00e1soz\u00f3 Liwingstein t\u00e1bornok ezred\u00e9nek zenekara m\u0171k\u00f6d\u00f6tt k\u00f6zre.<\/span><\/p>\n<p style=\"text-align: justify;\"><span style=\"font-family: 'times new roman', times; font-size: medium;\">1745-t\u0151l a cs\u00e1sz\u00e1ri hadseregben m\u00e1r hader\u0151nemekk\u00e9nt v\u00e1ltozik a hang\u00e1szok szerepe. 1769-ig a dragonyosokn\u00e1l \u00e9s a t\u00fcz\u00e9rs\u00e9gn\u00e9l dobosok, a vad\u00e1szz\u00e1szl\u00f3aljakn\u00e1l, lovass\u00e1gn\u00e1l trombit\u00e1s hang\u00e1szt alkalmaztak. A dob \u00e9s trombitajelek szigor\u00faan r\u00f6gz\u00edtett, funkci\u00f3khoz k\u00f6t\u00f6tt zenei jelrendszer voltak. Ezek kialak\u00edt\u00e1s\u00e1n\u00e1l megk\u00fcl\u00f6nb\u00f6ztett\u00e9k a figyelemfelh\u00edv\u00f3, a parancskiad\u00e1s \u00e9s a v\u00e9grehajt\u00e1s jeleket. A trombit\u00e1s 1802-ig saj\u00e1t l\u00f3val rendelkezett \u00e9s t\u00f6bb nyelven kellett besz\u00e9lnie, mivel a hadik\u00f6vet funkci\u00f3t is \u0151 t\u00f6lt\u00f6tte be, \u00edgy rendszeresen k\u00fcldt\u00e9k az ellens\u00e9ges t\u00e1borba.<\/span><\/p>\n<p style=\"text-align: justify;\"><a href=\"http:\/\/www.fricsay.hu\/wp-content\/uploads\/2013\/10\/121.jpg\"><img decoding=\"async\" loading=\"lazy\" class=\"alignnone size-full wp-image-211\" style=\"border: 1px solid black;\" title=\"Magyar sorgyalogezred zenekar\u00e1nak vonul\u00e1sa 1837-ben.\" alt=\"12\" src=\"http:\/\/www.fricsay.hu\/wp-content\/uploads\/2013\/10\/121.jpg\" width=\"1963\" height=\"1341\" srcset=\"http:\/\/www.fricsay.hu\/wp-content\/uploads\/2013\/10\/121.jpg 1963w, http:\/\/www.fricsay.hu\/wp-content\/uploads\/2013\/10\/121-300x204.jpg 300w, http:\/\/www.fricsay.hu\/wp-content\/uploads\/2013\/10\/121-1024x699.jpg 1024w\" sizes=\"(max-width: 1963px) 100vw, 1963px\" \/><\/a><\/p>\n<p style=\"text-align: justify;\"><span style=\"font-family: 'times new roman', times; font-size: medium;\">1766-ban hivatalosan is enged\u00e9lyezt\u00e9k az \u00fagynevezett Harm\u00f3nia \u2013 dobok, s\u00edpok, trombita \u00f6sszet\u00e9tel\u0171 \u2013 egy\u00fcttes k\u00f6zrem\u0171k\u00f6d\u00e9s\u00e9t az ezredek katonai par\u00e1d\u00e9j\u00e1n \u00e9s napi tev\u00e9kenys\u00e9geiben. Ezek a zenekarok kis l\u00e9tsz\u00e1m\u00fa egy\u00fcttesek voltak \u2013 kb. 10-12 f\u0151 \u2013 de ezeket tekinthetj\u00fck a mai \u00e9rtelemben vett katonazenekarok el\u0151deinek. Ilyen zenekara volt gr\u00f3f Esterh\u00e1zy Mikl\u00f3s Kass\u00e1n \u00e1llom\u00e1soz\u00f3 ezred\u00e9nek 1756-ban. Az 1790-es cs\u00e1sz\u00e1ri \u00e9s kir\u00e1lyi hadi le\u00edr\u00e1sban sz\u00e1mtalan magyar &#8211; n\u00e9met alakulatok zenekarair\u00f3l tesznek eml\u00edt\u00e9st. 1810 ut\u00e1n rendszeresen eml\u00edtenek ezredzenekarokat Gy\u0151rben, Sopronban, Pesten, P\u00e9csett.\u00a01741-ben m\u00e1jus 30.-\u00e1n M\u00e1ria Ter\u00e9zia par\u00e1d\u00e9t rendezett, ahol b\u00e1r\u00f3 Trenk Ferenc ezred\u00e9vel vonult fel, amelynek zenekara is volt. A Trenk- f\u00e9le zenekar korabeli feljegyz\u00e9sek alapj\u00e1n k\u00e9t obo\u00e1b\u00f3l, k\u00e9t klarin\u00e9tb\u00f3l, k\u00e9t vad\u00e1szk\u00fcrtb\u0151l, k\u00e9t fagottb\u00f3l, egy trombit\u00e1b\u00f3l, egy piccol\u00f3b\u00f3l, triangulmb\u00f3l, egy dobb\u00f3l \u00e9s cint\u00e1ny\u00e9rb\u00f3l \u00e1llt.<\/span><\/p>\n<p style=\"text-align: justify;\"><a href=\"http:\/\/www.fricsay.hu\/wp-content\/uploads\/2013\/10\/Spl\u00e9nyi-indul\u00f3.jpg\"><img decoding=\"async\" loading=\"lazy\" class=\"alignnone size-full wp-image-212\" style=\"margin: 10px; border: 1px solid black;\" alt=\"Spl\u00e9nyi indul\u00f3\" src=\"http:\/\/www.fricsay.hu\/wp-content\/uploads\/2013\/10\/Spl\u00e9nyi-indul\u00f3.jpg\" width=\"500\" height=\"373\" srcset=\"http:\/\/www.fricsay.hu\/wp-content\/uploads\/2013\/10\/Spl\u00e9nyi-indul\u00f3.jpg 1181w, http:\/\/www.fricsay.hu\/wp-content\/uploads\/2013\/10\/Spl\u00e9nyi-indul\u00f3-300x224.jpg 300w, http:\/\/www.fricsay.hu\/wp-content\/uploads\/2013\/10\/Spl\u00e9nyi-indul\u00f3-1024x764.jpg 1024w\" sizes=\"(max-width: 500px) 100vw, 500px\" \/><\/a><\/p>\n<p style=\"text-align: justify;\"><span style=\"font-family: 'times new roman', times; font-size: medium;\">1822-t\u0151l az ezredzenekarok l\u00e9tsz\u00e1m\u00e1t m\u00e1r 44-f\u0151ben \u00e1llap\u00edtj\u00e1k meg, \u00e9s ezeket a zenekarokat m\u00e1r tamburbottal az ezreddobos vezetett.<\/span><br \/>\n<span style=\"font-family: 'times new roman', times; font-size: medium;\"> A katonazenekarok elterjed\u00e9s\u00e9t l\u00e1thatjuk a hadseregben Sawerth\u00e1l Rudolf J\u00f3zsef katonakarmester \u00fati besz\u00e1mol\u00f3j\u00e1ban, amikor 1846-ban v\u00e9gigl\u00e1togatja az orsz\u00e1g katonazenekarainak egy r\u00e9sz\u00e9t. Besz\u00e1mol\u00f3j\u00e1ban temesv\u00e1ri, kecskem\u00e9ti, Pesten n\u00e9gy \u00e9s Bud\u00e1n egy katonazenekarr\u00f3l \u00edr pontos szakmai le\u00edr\u00e1st. Az els\u0151 ismert magyar katonakarmester Starke Frigyes volt, aki a Pozsonyban \u00e1llom\u00e1soz\u00f3 I. S\u00e1ndor c\u00e1r nev\u00e9t visel\u0151 gyalogezred zenekar\u00e1nak a karmestere volt. \u0150 \u00edrta az els\u0151 magyar indul\u00f3kat p\u00e9ld\u00e1ul a Spl\u00e9nyi-gyalogezred indul\u00f3t. A kor m\u00e1sik neves katonakarmestere Scholl Mikl\u00f3s volt, akinek nev\u00e9hez a R\u00e1k\u00f3czi indul\u00f3 ma ismeretes tri\u00f3s form\u00e1j\u00e1nak megszerkeszt\u00e9se f\u0171z\u0151dik.<\/span><\/p>\n<p style=\"text-align: justify;\"><a href=\"http:\/\/www.fricsay.hu\/wp-content\/uploads\/2013\/10\/1.jpg\"><img decoding=\"async\" loading=\"lazy\" class=\"alignnone size-full wp-image-213\" style=\"margin: 10px; border: 1px solid black; float: right;\" alt=\"1\" src=\"http:\/\/www.fricsay.hu\/wp-content\/uploads\/2013\/10\/1.jpg\" width=\"400\" height=\"359\" srcset=\"http:\/\/www.fricsay.hu\/wp-content\/uploads\/2013\/10\/1.jpg 1536w, http:\/\/www.fricsay.hu\/wp-content\/uploads\/2013\/10\/1-300x268.jpg 300w, http:\/\/www.fricsay.hu\/wp-content\/uploads\/2013\/10\/1-1024x918.jpg 1024w\" sizes=\"(max-width: 400px) 100vw, 400px\" \/><\/a><\/p>\n<p style=\"text-align: justify;\"><span style=\"font-family: 'times new roman', times; font-size: medium;\">A XIX. sz\u00e1zad magyar polg\u00e1rosod\u00e1si folyamat\u00e1ban a fokoz\u00f3d\u00f3 f\u00fcggetlened\u00e9si t\u00f6rekv\u00e9s hozta l\u00e9tre az els\u0151 \u00f6n\u00e1ll\u00f3 Magyar Honv\u00e9ds\u00e9get, amelyben akt\u00edv szerepet t\u00f6lt\u00f6ttek be a katonazenekarok. Az 1848-49-es szabads\u00e1gharcban fontos szerep h\u00e1rult a zenekarok trombit\u00e1saira \u00e9s dobosaira, hiszen \u0151k k\u00f6zvetlen\u00fcl is r\u00e9szt vettek a harci cselekm\u00e9nyekben. A katonazenekarok mindenhol ott voltak, ahol rem\u00e9nyt \u00e9s hitet tudtak \u00f6nteni a harcol\u00f3 katon\u00e1kba \u00e9s a civil lakoss\u00e1gba. A szabads\u00e1gharc lever\u00e9se ut\u00e1n a magyar hader\u0151 \u00fajb\u00f3l a cs\u00e1sz\u00e1ri hadsereg r\u00e9sz\u00e9ve v\u00e1lt.<\/span><\/p>\n<p style=\"text-align: justify;\"><strong>Magyar Honv\u00e9ds\u00e9g zenekarai &#8211; 1896 &#8211; 1919<\/strong><\/p>\n<p style=\"text-align: justify;\"><a href=\"http:\/\/www.fricsay.hu\/wp-content\/uploads\/2013\/10\/Magyar-Honv\u00e9ds\u00e9g-1-2-4-3-k\u00e9par\u00e1ny.jpg\"><img decoding=\"async\" loading=\"lazy\" class=\"alignnone size-full wp-image-214\" alt=\"Magyar Honv\u00e9ds\u00e9g 1  2 4-3 k\u00e9par\u00e1ny\" src=\"http:\/\/www.fricsay.hu\/wp-content\/uploads\/2013\/10\/Magyar-Honv\u00e9ds\u00e9g-1-2-4-3-k\u00e9par\u00e1ny.jpg\" width=\"1181\" height=\"886\" srcset=\"http:\/\/www.fricsay.hu\/wp-content\/uploads\/2013\/10\/Magyar-Honv\u00e9ds\u00e9g-1-2-4-3-k\u00e9par\u00e1ny.jpg 1181w, http:\/\/www.fricsay.hu\/wp-content\/uploads\/2013\/10\/Magyar-Honv\u00e9ds\u00e9g-1-2-4-3-k\u00e9par\u00e1ny-300x225.jpg 300w, http:\/\/www.fricsay.hu\/wp-content\/uploads\/2013\/10\/Magyar-Honv\u00e9ds\u00e9g-1-2-4-3-k\u00e9par\u00e1ny-1024x768.jpg 1024w\" sizes=\"(max-width: 1181px) 100vw, 1181px\" \/><\/a><\/p>\n<p style=\"text-align: justify;\"><span style=\"font-family: 'times new roman', times; font-size: medium;\">A modernkori magyar honv\u00e9delem kezdet\u00e9nek az 1868 \u2013ban megalakult Magyar Honv\u00e9ds\u00e9g l\u00e9trehoz\u00e1s\u00e1t tekinthetj\u00fck, amely az orsz\u00e1g t\u00f6rt\u00e9net\u00e9ben az els\u0151 nemzeti regul\u00e1ris hader\u0151 volt.<\/span><br \/>\n<span style=\"font-family: 'times new roman', times; font-size: medium;\"> A Magyar Honv\u00e9ds\u00e9g keretein bel\u00fcl 1896-ban \u00e1ll\u00edtott\u00e1k fel a katonazenekarokat. E korszak teremtette meg a magyar katonazene szakmai, szervezeti \u00e9s m\u0171k\u00f6d\u00e9si strukt\u00far\u00e1j\u00e1nak alapjait, honv\u00e9delmi t\u00f6rv\u00e9nyben rendelkeztek a zenekarok p\u00e9nz\u00fcgyi, kik\u00e9pz\u00e9si h\u00e1tter\u00e9r\u0151l. Ez a magyar katonazene legjelent\u0151sebb korszaka is egyben, hiszen a zenekarok a magas szakmai \u00e9s zenei k\u00e9pess\u00e9g\u00e9vel a magyar kultur\u00e1lis \u00e9let meghat\u00e1roz\u00f3 szerepl\u0151j\u00e9v\u00e9 v\u00e1ltak.<\/span><br \/>\n<span style=\"font-family: 'times new roman', times; font-size: medium;\"> Szerte az orsz\u00e1gban sz\u00ednh\u00e1zak, k\u00e1v\u00e9h\u00e1zak, f\u0151terek n\u00e9pes\u00fcltek be a katonazenekarok el\u0151ad\u00e1saira &#8211; abban a v\u00e1rosban ahol katonazenekar \u00e1llom\u00e1sozott pezsg\u0151 kultur\u00e1lis \u00e9let alakult ki. Neves karmesterek dolgoztak \u00e9s kompon\u00e1lt\u00e1k a legszebb magyar indul\u00f3kat \u00e9s m\u00e1s zenem\u0171veket &#8211; csak a legh\u00edresebbeket eml\u00edtve: id. \u00e9s ifj. Leh\u00e1r Ferenc, id. Fricsay Rich\u00e1rd, dezseri Bach\u00f3 Istv\u00e1n, Kraul Antal \u00e9s m\u00e9g sokan m\u00e1sok.<\/span><br \/>\n<span style=\"font-family: 'times new roman', times; font-size: medium;\"><span style=\"font-size: small;\"><strong> Egy korabeli sajt\u00f3cikk a katonazenekarokr\u00f3l \u00edgy \u00edrt<\/strong><\/span>:\u00a0<\/span>\u201e <span style=\"font-size: small;\"><em>Az ezredek zenekarok n\u00e9lk\u00fcl ridegek \u00e9s ked\u00e9lytelenek. Ez k\u00fcl\u00f6n\u00f6sen \u00e9szlelhet\u0151 ama ezredekn\u00e9l, melyek vid\u00e9ki kisebb v\u00e1rosokban vannak elhelyezve, hol a katonai \u00e9let van hivatva a helynek n\u00e9mi t\u00e1rsadalmi pezsg\u00e9st k\u00f6lcs\u00f6n\u00f6zni.<\/em><\/span>\u201d<\/p>\n<p style=\"text-align: justify;\"><a href=\"http:\/\/www.fricsay.hu\/wp-content\/uploads\/2013\/10\/Magy-Honv-21.jpg\"><img decoding=\"async\" loading=\"lazy\" class=\"alignnone size-full wp-image-215\" alt=\"Magy Honv 2\" src=\"http:\/\/www.fricsay.hu\/wp-content\/uploads\/2013\/10\/Magy-Honv-21.jpg\" width=\"1181\" height=\"886\" srcset=\"http:\/\/www.fricsay.hu\/wp-content\/uploads\/2013\/10\/Magy-Honv-21.jpg 1181w, http:\/\/www.fricsay.hu\/wp-content\/uploads\/2013\/10\/Magy-Honv-21-300x225.jpg 300w, http:\/\/www.fricsay.hu\/wp-content\/uploads\/2013\/10\/Magy-Honv-21-1024x768.jpg 1024w\" sizes=\"(max-width: 1181px) 100vw, 1181px\" \/><\/a><\/p>\n<h3 style=\"text-align: justify;\"><strong>Magyar Kir\u00e1lyi Honv\u00e9ds\u00e9g id\u0151szaka \/ 1921-1945<\/strong><\/h3>\n<p style=\"text-align: justify;\"><span style=\"font-family: 'times new roman', times; font-size: medium;\">Az I. vil\u00e1gh\u00e1bor\u00fat k\u00f6vet\u0151en a Magyar Kir\u00e1lyi Honv\u00e9ds\u00e9gben is kiemelt hangs\u00falyt fektettek a zenekarok megalak\u00edt\u00e1s\u00e1ra \u00e9s fontos \u00e1llami \u00e9s nemzeti propaganda eszk\u00f6z\u00e9nek tartott\u00e1k \u0151ket. A katonazene \u00fcgye a F\u0151zeneigazgat\u00f3i poszt bevezet\u00e9s\u00e9vel a legmagasabb katonai helyen a Honv\u00e9delmi Miniszt\u00e9riumban kapott megtisztel\u0151 figyelmet. Minden ezrednek voltak zenekara, \u00f6sszesen 14. A zenekarok m\u0171k\u00f6d\u00e9s\u00e9t k\u00fcl\u00f6n miniszteri rendeletben szab\u00e1lyozt\u00e1k. A Kir\u00e1lyi Honv\u00e9ds\u00e9gben 14 karmester, 14 ezreddobos \u00e9s 454 katonazen\u00e9sz szolg\u00e1lt.<\/span><\/p>\n<p style=\"text-align: justify;\"><a href=\"http:\/\/www.fricsay.hu\/wp-content\/uploads\/2013\/10\/Magyar-Kir\u00e1lyi-Honv\u00e9ds\u00e9g1.jpg\"><img decoding=\"async\" loading=\"lazy\" class=\"alignnone size-full wp-image-357\" style=\"border: 1px solid black;\" alt=\"Magyar Kir\u00e1lyi Honv\u00e9ds\u00e9g1\" src=\"http:\/\/www.fricsay.hu\/wp-content\/uploads\/2013\/10\/Magyar-Kir\u00e1lyi-Honv\u00e9ds\u00e9g1.jpg\" width=\"1181\" height=\"886\" srcset=\"http:\/\/www.fricsay.hu\/wp-content\/uploads\/2013\/10\/Magyar-Kir\u00e1lyi-Honv\u00e9ds\u00e9g1.jpg 1181w, http:\/\/www.fricsay.hu\/wp-content\/uploads\/2013\/10\/Magyar-Kir\u00e1lyi-Honv\u00e9ds\u00e9g1-300x225.jpg 300w, http:\/\/www.fricsay.hu\/wp-content\/uploads\/2013\/10\/Magyar-Kir\u00e1lyi-Honv\u00e9ds\u00e9g1-1024x768.jpg 1024w\" sizes=\"(max-width: 1181px) 100vw, 1181px\" \/><\/a><\/p>\n<p style=\"text-align: justify;\">A korszak meghat\u00e1roz\u00f3 katonakarmestere id. Fricsay Rich\u00e1rd alezredes F\u0151zeneigazgat\u00f3 volt, kinek \u00f3ri\u00e1si zenei tapasztalataival \u00e9s szem\u00e9lyes tekint\u00e9ly\u00e9vel siker\u00fclt megszerveznie a Kir\u00e1lyi Honv\u00e9ds\u00e9g zenei \u00e9let\u00e9t.<br \/>\nA karmesterek k\u00e9pzetts\u00e9gi szintj\u00e9nek emel\u00e9se \u00e9rdek\u00e9ben el\u0151\u00edrta a legmagasabb karmesteri diploma megszerz\u00e9s\u00e9nek a sz\u00fcks\u00e9gess\u00e9g\u00e9t. Mint a katonazene legrangosabb vezet\u0151je l\u00e9trehozta azt a zenen\u00f6vend\u00e9k k\u00e9pz\u00e9st is, amely folyamatosan biztos\u00edtani tudta a katonazenekarok szem\u00e9lyi \u00e1llom\u00e1ny\u00e1nak az ut\u00e1np\u00f3tl\u00e1s\u00e1t. Az orsz\u00e1g legismertebb szaktekint\u00e9lyek\u00e9nt felk\u00e9rt\u00e9k, hogy szervezzen katonazenekarokat a folyam\u0151rs\u00e9gn\u00e9l \u00e9s az \u00e1llamrend\u0151rs\u00e9gn\u00e9l.<br \/>\nA technikai fejl\u0151d\u00e9ssel \u00f6sszhangban Fricsay kor\u00e1n felismerte \u00e9s kihaszn\u00e1lta azt a lehet\u0151s\u00e9geket, amely a frissen beind\u00edtott Magyar R\u00e1di\u00f3 sug\u00e1rz\u00e1s\u00e1ban \u00e9s a Magyar Filmgy\u00e1r m\u0171k\u00f6d\u00e9s\u00e9ben rejlett. A katonazenekarok a Honv\u00e9delmi Miniszt\u00e9rium egyet\u00e9rt\u00e9s\u00e9vel t\u00f6bb mint ezer egyenes r\u00e1di\u00f3 koncerttel \u00e9s sok hanglemezzel sz\u00f3rakoztatta Magyarorsz\u00e1g lakoss\u00e1g\u00e1t \u00e9s k\u00e9pviselte a honv\u00e9ds\u00e9g kultur\u00e1lis \u00e9let\u00e9t. A XX. sz\u00e1zadi Eur\u00f3pa t\u00f6r\u00e9keny b\u00e9k\u00e9j\u00e9t a II. vil\u00e1gh\u00e1bor\u00fa r\u00e1zta meg, amely soha nem l\u00e1tott puszt\u00edt\u00e1st hozott a nemzeti hadseregre \u00e9s benne a katonazenekarokra.<br \/>\n.<\/p>\n<h3 style=\"text-align: justify;\"><strong>Magyar N\u00e9phadsereg id\u0151szaka \/ 1945-1989<\/strong><\/h3>\n<p style=\"text-align: justify;\">A II. vil\u00e1gh\u00e1bor\u00fat k\u00f6vet\u0151en az orosz mint\u00e1ra fel\u00e1ll\u00edtott Magyar N\u00e9phadseregben ism\u00e9t l\u00e9trehozz\u00e1k a katonazenekarokat. A kor\u00e1bbi szervezeti fel\u00e1ll\u00e1sok szerint szint\u00e9n az ezredekhez \u00e1ll\u00edtott\u00e1k fel a zenekarokat. Az 50-es \u00e9vek diktat\u00far\u00e1j\u00e1nak bizalmi v\u00e1ls\u00e1g\u00e1ban a hadsereg elvesztette kor\u00e1bbi n\u00e9pszer\u0171s\u00e9g\u00e9t \u00e9s t\u00e1mogatotts\u00e1g\u00e1t, tov\u00e1bb\u00e1 az sem kedvezett a honv\u00e9delem meg\u00edt\u00e9l\u00e9s\u00e9nek, hogy a korszak hidegh\u00e1bor\u00fas hangulat\u00e1ban a hadsereg elz\u00e1rk\u00f3zott a civil t\u00e1rsadalom el\u0151l \u00e9s \u00e1tl\u00e1thatatlan test\u00fclett\u00e9 v\u00e1lt.<br \/>\nAz akkori aktu\u00e1lpolitikai \u00e9rdekek is negat\u00edvan \u00e9rintett\u00e9k a zenekarok szem\u00e9lyi \u00f6sszet\u00e9tel\u00e9t. Az orosz mint\u00e1ra fel\u00e9p\u00edtett zenekarokkal sz\u00ednvonalasan dolgozni nem lehetett, \u00e9s a k\u00e9pzett katonazen\u00e9sz ut\u00e1np\u00f3tl\u00e1s is megoldatlan volt. Meghat\u00e1roz\u00f3 zenei szakembereket, karmestereket kellett n\u00e9lk\u00fcl\u00f6zni a szakm\u00e1nak a hadsereg elvtelen szem\u00e9lyzeti politik\u00e1ja miatt. E helyzet tarthatatlans\u00e1g\u00e1val a hadsereg vezet\u00e9se nem foglalkozott, l\u00e9v\u00e9n nem a zenei szempontok \u00e9rv\u00e9nyes\u00fcltek az akkori honv\u00e9ds\u00e9g katonazenei strat\u00e9gi\u00e1j\u00e1ban.<\/p>\n<p style=\"text-align: justify;\"><a href=\"http:\/\/www.fricsay.hu\/wp-content\/uploads\/2013\/10\/MN-1.jpg\"><img decoding=\"async\" loading=\"lazy\" class=\"alignnone size-full wp-image-359\" style=\"margin: 10px; border: 1px solid black; vertical-align: middle;\" alt=\"MN 1\" src=\"http:\/\/www.fricsay.hu\/wp-content\/uploads\/2013\/10\/MN-1.jpg\" width=\"800\" height=\"600\" srcset=\"http:\/\/www.fricsay.hu\/wp-content\/uploads\/2013\/10\/MN-1.jpg 1181w, http:\/\/www.fricsay.hu\/wp-content\/uploads\/2013\/10\/MN-1-300x225.jpg 300w, http:\/\/www.fricsay.hu\/wp-content\/uploads\/2013\/10\/MN-1-1024x768.jpg 1024w\" sizes=\"(max-width: 800px) 100vw, 800px\" \/><\/a><\/p>\n<p style=\"text-align: justify;\">A fordulat 1959-t\u0151l k\u00f6vetkezett be, amikor ism\u00e9telten a katonazenekarokra h\u00e1rult az a feladat, hogy a civil lakoss\u00e1ggal \u00faj kapcsolatot \u00e9p\u00edtsen ki a honv\u00e9delem vezet\u00e9se. Ennek \u00e9rdek\u00e9ben a katonai vezet\u00e9s sz\u00e9les kultur\u00e1lis \u00e9s t\u00e1rsadalmi mecenat\u00far\u00e1t \u00e9p\u00edtett ki, amelyben a katonazenekarokra akt\u00edv szerep h\u00e1rult.<br \/>\nA zenekarok l\u00e9tsz\u00e1m\u00e1t megemelt\u00e9k \u00e9s megindult a katonazen\u00e9sz k\u00e9pz\u00e9s a Zen\u00e9sz Tiszthelyettes-k\u00e9pz\u0151 Szakk\u00f6z\u00e9piskol\u00e1n. Ennek k\u00f6sz\u00f6nhet\u0151en a zenekarok lassan ism\u00e9t a magyar katonazene t\u00f6rt\u00e9nelmi hagyom\u00e1nyaihoz m\u00e9lt\u00f3n m\u00f3don, t\u00e9rzen\u00e9ken, koncerteken \u00e9s a Magyar R\u00e1di\u00f3 hangversenyein k\u00f6zvet\u00edtett\u00e9k a zenekult\u00far\u00e1t. Az alakulatokon bel\u00fcli hangversenyek, a hely\u0151rs\u00e9gi m\u0171vel\u0151d\u00e9si h\u00e1zakban tartott koncertek, fesztiv\u00e1lok mind sz\u00e9lesebb k\u00f6rben tett\u00e9k egyre gazdagabb\u00e1 a honv\u00e9ds\u00e9g arculat\u00e1t. Ism\u00e9telten megindult a f\u00fav\u00f3s-kult\u00fara felemelked\u00e9s\u00e9nek korszaka. A magyar zeneszerz\u0151k egyre gyakrabban kompon\u00e1ltak illetve hangszereltek f\u00fav\u00f3szenekarokra zenem\u0171veket.<\/p>\n<p style=\"text-align: justify;\"><a href=\"http:\/\/www.fricsay.hu\/wp-content\/uploads\/2013\/10\/MN2.jpg\"><img decoding=\"async\" loading=\"lazy\" class=\"alignnone size-full wp-image-360\" alt=\"MN2\" src=\"http:\/\/www.fricsay.hu\/wp-content\/uploads\/2013\/10\/MN2.jpg\" width=\"1181\" height=\"886\" srcset=\"http:\/\/www.fricsay.hu\/wp-content\/uploads\/2013\/10\/MN2.jpg 1181w, http:\/\/www.fricsay.hu\/wp-content\/uploads\/2013\/10\/MN2-300x225.jpg 300w, http:\/\/www.fricsay.hu\/wp-content\/uploads\/2013\/10\/MN2-1024x768.jpg 1024w\" sizes=\"(max-width: 1181px) 100vw, 1181px\" \/><\/a><\/p>\n<p style=\"text-align: justify;\">A honv\u00e9delem vezet\u00e9se a hely\u0151rs\u00e9gekben kultur\u00e1lis k\u00f6zpontokat, \u00fagynevezett Hely\u0151rs\u00e9gi Klubokat hoztak l\u00e9tre, amelyek a t\u00e1rsadalommal val\u00f3 \u00faj kapcsolat felv\u00e9tel\u00e9t szolg\u00e1lt\u00e1k. Ekkor kapcsol\u00f3dtak be a honv\u00e9d zenekarok az amat\u0151r f\u00fav\u00f3szenei mozgalomba is, \u00e9s t\u00e1mogatt\u00e1k a civil kultur\u00e1lis kezdem\u00e9nyez\u00e9seket. A magyarorsz\u00e1gi katonazenekari fesztiv\u00e1lok l\u00e9trej\u00f6tte is e korszakhoz k\u00f6t\u0151dnek. Sorra ker\u00fcltek megrendez\u00e9sre az els\u0151 nagyobb form\u00e1tum\u00fa katonazenekari fesztiv\u00e1lok Sikl\u00f3son, Egerben, Debrecenben.<br \/>\nAz 1970 \u2013 80 -as \u00e9vekben az eur\u00f3pai orsz\u00e1gok hadseregi k\u00f6z\u00f6tt \u00f3vatos k\u00f6zeled\u00e9s &#8211; p\u00e1rbesz\u00e9d kezd\u0151d\u00f6tt el, de egyel\u0151re csak a katonakult\u00fara ter\u00fclet\u00e9n, amelyben a katonazenekarok nagy szerepet kaptak. Zenekaraink sz\u00e1mos nyugat eur\u00f3pai katonazenekari fesztiv\u00e1lon k\u00e9pviselt\u00e9k az orsz\u00e1g kultur\u00e1lis \u00e9rt\u00e9keit \u00e9s katonai hagyom\u00e1nyokat. A magyar kult\u00fara sz\u00e9les ter\u00fclet\u00e9n is egyre nagyobb szerepet kaptak a katonazenekarok, ezt bizony\u00edtja a megjelent hanglemez \u00e9s r\u00e1di\u00f3 felv\u00e9telek, koncertek, fesztiv\u00e1lok \u00e9s k\u00fclf\u00f6ldi koncert utak sokas\u00e1ga.<\/p>\n<h3 style=\"text-align: justify;\"><strong>A rendszerv\u00e1lt\u00e1st\u00f3l napjainkig<\/strong><\/h3>\n<p style=\"text-align: justify;\">A szocializmus t\u00e1rsadalmi rendszer\u00e9nek 1980-as \u00e9vek gazdas\u00e1gi \u00e9s politikai \u00fatkeres\u00e9se majd v\u00e1ls\u00e1ga az 1989-es rendszerv\u00e1lt\u00e1sban teljesedett ki, amelyben a magyar honv\u00e9delem \u00e1talak\u00edt\u00e1sa mellett \u201er\u00e9gi-\u00faj\u201d n\u00e9ven megalakult a napjaink Magyar Honv\u00e9ds\u00e9ge.<br \/>\nA katonazenekarok ism\u00e9telten k\u00e9szen \u00e1lltak bet\u00f6lteni azt a szerepet &#8211; amelyet megalakul\u00e1suk \u00f3ta mindig is k\u00e9pviseltek \u2013 hogy n\u00e9pszer\u0171s\u00edts\u00e9k az orsz\u00e1g haderej\u00e9t \u00e9s az orsz\u00e1g kult\u00far\u00e1j\u00e1t.<br \/>\nA magyar katonazene sz\u00ednvonal\u00e1nak tov\u00e1bbi emel\u00e9se \u00e9rdek\u00e9ben a szakma vezet\u0151inek egyik legfontosabb vez\u00e9rl\u0151 elve az volt, hogy a nyolcvanas \u00e9vekben elkezdett szakmai reformokat \u00e9s a zenei tov\u00e1bbk\u00e9pz\u00e9seket tov\u00e1bb folytass\u00e1k.<\/p>\n<p style=\"text-align: justify;\"><a href=\"http:\/\/www.fricsay.hu\/wp-content\/uploads\/2013\/10\/MH-1.jpg\"><img decoding=\"async\" loading=\"lazy\" class=\"alignnone size-full wp-image-361\" alt=\"MH 1\" src=\"http:\/\/www.fricsay.hu\/wp-content\/uploads\/2013\/10\/MH-1.jpg\" width=\"1181\" height=\"886\" srcset=\"http:\/\/www.fricsay.hu\/wp-content\/uploads\/2013\/10\/MH-1.jpg 1181w, http:\/\/www.fricsay.hu\/wp-content\/uploads\/2013\/10\/MH-1-300x225.jpg 300w, http:\/\/www.fricsay.hu\/wp-content\/uploads\/2013\/10\/MH-1-1024x768.jpg 1024w\" sizes=\"(max-width: 1181px) 100vw, 1181px\" \/><\/a><\/p>\n<p style=\"text-align: justify;\">Mindek\u00f6zben lezajlott a Magyar Honv\u00e9ds\u00e9g teljes \u00e1talakul\u00e1sa, amely a professzion\u00e1lis hadsereg l\u00e9trehoz\u00e1s\u00e1t jelentette. Megsz\u0171nt a sorozott hadsereg \u00e9s a szerz\u0151d\u00f6tt hader\u0151vel el\u0151t\u00e9rbe ker\u00fcl\u00e9s\u00e9vel egy \u00faj ir\u00e1nyba mozdult el a Magyar Honv\u00e9ds\u00e9g.<\/p>\n<p><img decoding=\"async\" loading=\"lazy\" class=\"alignnone size-full wp-image-362\" style=\"margin: 10px; border: 1px solid black; float: left;\" alt=\"MH2\" src=\"http:\/\/www.fricsay.hu\/wp-content\/uploads\/2013\/10\/MH2.jpg\" width=\"350\" height=\"263\" srcset=\"http:\/\/www.fricsay.hu\/wp-content\/uploads\/2013\/10\/MH2.jpg 1181w, http:\/\/www.fricsay.hu\/wp-content\/uploads\/2013\/10\/MH2-300x225.jpg 300w, http:\/\/www.fricsay.hu\/wp-content\/uploads\/2013\/10\/MH2-1024x768.jpg 1024w\" sizes=\"(max-width: 350px) 100vw, 350px\" \/><\/p>\n<p style=\"text-align: justify;\">Ez a szabadabb munkaer\u0151 \u00e1raml\u00e1s kedvez\u0151en befoly\u00e1solta a magyar katonazenei szakm\u00e1t is. Napjainkra a zenekarok a magyar komolyzenei \u00e9let nagy szakmai m\u00falttal rendelkez\u0151 professzion\u00e1lis hangszeres m\u0171v\u00e9szeib\u0151l \u00e1llnak, akik hivat\u00e1sos \u00e9s szerz\u0151d\u00e9ses jogviszonyban v\u00e9gzik szolg\u00e1latukat.\u00a0K\u00e9pzetts\u00e9g\u00fck, tapasztalatuk, elhivatotts\u00e1guk a biztos\u00edt\u00e9k arra, hogy az \u00e1llami protokollrendezv\u00e9nyek, a katonai szolg\u00e1lati feladatok \u00e9s a koncertek alkalm\u00e1val a r\u00e9sztvev\u0151k magas sz\u00ednvonal\u00fa zenei \u00e9s d\u00edszelg\u00e9si \u00e9lm\u00e9nyben r\u00e9szes\u00fcljenek.<\/p>\n<p style=\"text-align: justify;\">Az orsz\u00e1gban napjainkban 10 katonazenekar m\u0171k\u00f6dik \u2013 Budapesten a K\u00f6zponti Zenekar \u00e9s a Bp. Hely\u0151rs\u00e9gi Zenekar, a l\u00e9gier\u0151 k\u00f6tel\u00e9k\u00e9ben Szolnokon \u00e9s Veszpr\u00e9mben, valamint a sz\u00e1razf\u00f6ldi alakulatokn\u00e1l: Debrecen, H\u00f3dmez\u0151v\u00e1s\u00e1rhely, Kaposv\u00e1r, Szentendre, Sz\u00e9kesfeh\u00e9rv\u00e1r, Tata.<\/p>\n<p style=\"text-align: justify;\"><a href=\"http:\/\/www.fricsay.hu\/wp-content\/uploads\/2013\/10\/MH3.jpg\"><img decoding=\"async\" loading=\"lazy\" class=\"alignnone size-full wp-image-364\" style=\"border: 1px solid black; vertical-align: middle;\" alt=\"MH3\" src=\"http:\/\/www.fricsay.hu\/wp-content\/uploads\/2013\/10\/MH3.jpg\" width=\"1181\" height=\"886\" srcset=\"http:\/\/www.fricsay.hu\/wp-content\/uploads\/2013\/10\/MH3.jpg 1181w, http:\/\/www.fricsay.hu\/wp-content\/uploads\/2013\/10\/MH3-300x225.jpg 300w, http:\/\/www.fricsay.hu\/wp-content\/uploads\/2013\/10\/MH3-1024x768.jpg 1024w\" sizes=\"(max-width: 1181px) 100vw, 1181px\" \/><\/a><\/p>\n<h3 style=\"text-align: justify;\"><strong>F\u0151karmesteri int\u00e9zm\u00e9ny<\/strong><\/h3>\n<p style=\"text-align: justify;\">A magyar katonazene egyik k\u00fcl\u00f6nleges szakter\u00fclete a f\u0151zeneigazgat\u00f3k, k\u00e9s\u0151bbiekben a f\u0151karmesterek k\u00f6zel sz\u00e1z \u00e9ves vezet\u0151i \u00e9s k\u00e9pviseleti tev\u00e9kenys\u00e9ge.<br \/>\nEzt a speci\u00e1lis katonazenei referens beoszt\u00e1st 1920-ban vezette be a Kir\u00e1lyi Honv\u00e9delmi Miniszt\u00e9rium azzal a c\u00e9llal, hogy a katonazenekarok m\u0171k\u00f6d\u00e9s\u00e9t, szolg\u00e1lati tev\u00e9kenys\u00e9g\u00e9t hat\u00e9konyan lehessen koordin\u00e1lni, szab\u00e1lyozni \u00e9s ir\u00e1ny\u00edtani.<\/p>\n<p style=\"text-align: justify;\"><a href=\"http:\/\/www.fricsay.hu\/wp-content\/uploads\/2013\/10\/F\u0151karmesterek.jpg\"><img decoding=\"async\" loading=\"lazy\" class=\"alignnone size-full wp-image-365\" style=\"margin: 8px; border: 1px solid black; float: left;\" alt=\"F\u0151karmesterek\" src=\"http:\/\/www.fricsay.hu\/wp-content\/uploads\/2013\/10\/F\u0151karmesterek.jpg\" width=\"400\" height=\"300\" srcset=\"http:\/\/www.fricsay.hu\/wp-content\/uploads\/2013\/10\/F\u0151karmesterek.jpg 1181w, http:\/\/www.fricsay.hu\/wp-content\/uploads\/2013\/10\/F\u0151karmesterek-300x225.jpg 300w, http:\/\/www.fricsay.hu\/wp-content\/uploads\/2013\/10\/F\u0151karmesterek-1024x768.jpg 1024w\" sizes=\"(max-width: 400px) 100vw, 400px\" \/><\/a> Az els\u0151 zeneigazgat\u00f3 id. Fricsay Rich\u00e1rd alezredes volt, aki az I. Honv\u00e9d Gyalogezred Zenekar karmesteri feladata mellett l\u00e1tta el a magyar katonazenei szakma legmagasabb k\u00e9pviselet\u00e9t a honv\u00e9ds\u00e9gben. K\u00e9s\u0151bb, a II. vil\u00e1gh\u00e1bor\u00fa ut\u00e1n ezt a rangos zen\u00e9szi posztot f\u0151karmesteri beoszt\u00e1snak nevezik el, de rangja \u00e9s szerepe tov\u00e1bbra is meghat\u00e1roz\u00f3 jelent\u0151s\u00e9ggel b\u00edr. Az elm\u00falt \u00e9vsz\u00e1zadban a k\u00f6vetkez\u0151 F\u0151karmesterek dolgoztak a katonazene szolg\u00e1lat\u00e1ban: id. Fricsay Rich\u00e1rd alezredes, Borsay Samu alezredes, Figedy Fichtner S\u00e1ndor \u0151rnagy, Ifj Fricsay Rich\u00e1rd alezredes, Pongr\u00e1cz G\u00e9za alezredes, J\u00e1vor Zolt\u00e1n alezredes, Auth Henrik ezredes, Dohos L\u00e1szl\u00f3 ezredes \u00e9s Jelenleg j\u00f3magam Csizmadia Zsolt ezredes.<\/p>\n<p style=\"text-align: justify;\"><strong>Napjaink katonazenekarai tov\u00e1bbra is \u00e9p\u00edtve t\u00f6rt\u00e9nelmi hagyom\u00e1nyaikra hiszi, hogy korunkban minden eddigin\u00e9l nagyobb sz\u00fcks\u00e9g van az \u00e9rt\u00e9kes kultur\u00e1lis esem\u00e9nyekre, \u00edgy a zenei koncertekre is, amely biztos\u00edtja az ember szellemi harm\u00f3ni\u00e1j\u00e1nak m\u0171vel\u00e9s\u00e9t. A katonazenekarok tov\u00e1bbra is k\u00e9pviselik, n\u00e9pszer\u0171s\u00edtik a magyar katonai \u00e9let szellemi \u00e9s kultur\u00e1lis \u00e9rt\u00e9keit, hagyom\u00e1nyait \u00e9s \u00e1llnak a hadsereg \u00e9s az orsz\u00e1g szolg\u00e1lat\u00e1ban.<\/strong><\/p>\n<p style=\"text-align: right;\">S\u00e1rosi P\u00e9ter<\/p>\n<p style=\"text-align: right;\">\n<p style=\"text-align: justify;\">Forr\u00e1s:<\/p>\n<p style=\"text-align: justify;\">Marosi L\u00e1szl\u00f3 &#8211; K\u00e9t \u00e9vsz\u00e1zad katonazen\u00e9je Magyarorsz\u00e1gon \u00a0 \u00a0 \u00a0 \u00a0 \u00a0 \u00a0 \u00a0 \u00a0 \u00a0 \u00a0 \u00a0 \u00a0 \u00a0 \u00a0 \u00a0 \u00a0 \u00a0 \u00a0 \u00a0 \u00a0 \u00a0 \u00a0 \u00a0 \u00a0 \u00a0 \u00a0 \u00a0 Varasdy Frigyes &#8211;\u00a0Trombit\u00e1sok szerepe M\u00e1ty\u00e1s kir\u00e1ly uralkod\u00e1sa idej\u00e9n<\/p>\n<p style=\"text-align: justify;\">\n","protected":false},"excerpt":{"rendered":"<p>A magyar katonazene t\u00f6rt\u00e9nete szorosan \u00f6sszef\u00fcgg Magyarorsz\u00e1g \u00e9s honv\u00e9delm\u00e9nek t\u00f6rt\u00e9nelmi korszakainak, valamint a magyar zenet\u00f6rt\u00e9net v\u00e1ltoz\u00e1saival. A magyar katonazenekarok hely\u00e9t \u00e9s szerep\u00e9t a magyar honv\u00e9delemben mindig a hader\u0151fejleszt\u00e9s illetve az \u00e1tszervez\u00e9sek v\u00e1ltoz\u00e1sai hat\u00e1rozt\u00e1k meg. Napjainkra a magyar katonazenei \u00e9let reprezent\u00e1nsai &hellip; <a href=\"http:\/\/www.fricsay.hu\/?page_id=87\">Egy kattint\u00e1s ide a folytat\u00e1shoz&#8230;. <span class=\"meta-nav\">&rarr;<\/span><\/a><\/p>\n","protected":false},"author":1,"featured_media":0,"parent":0,"menu_order":0,"comment_status":"closed","ping_status":"closed","template":"","meta":{"ngg_post_thumbnail":0},"_links":{"self":[{"href":"http:\/\/www.fricsay.hu\/index.php?rest_route=\/wp\/v2\/pages\/87"}],"collection":[{"href":"http:\/\/www.fricsay.hu\/index.php?rest_route=\/wp\/v2\/pages"}],"about":[{"href":"http:\/\/www.fricsay.hu\/index.php?rest_route=\/wp\/v2\/types\/page"}],"author":[{"embeddable":true,"href":"http:\/\/www.fricsay.hu\/index.php?rest_route=\/wp\/v2\/users\/1"}],"replies":[{"embeddable":true,"href":"http:\/\/www.fricsay.hu\/index.php?rest_route=%2Fwp%2Fv2%2Fcomments&post=87"}],"version-history":[{"count":15,"href":"http:\/\/www.fricsay.hu\/index.php?rest_route=\/wp\/v2\/pages\/87\/revisions"}],"predecessor-version":[{"id":196,"href":"http:\/\/www.fricsay.hu\/index.php?rest_route=\/wp\/v2\/pages\/87\/revisions\/196"}],"wp:attachment":[{"href":"http:\/\/www.fricsay.hu\/index.php?rest_route=%2Fwp%2Fv2%2Fmedia&parent=87"}],"curies":[{"name":"wp","href":"https:\/\/api.w.org\/{rel}","templated":true}]}}