{"id":68,"date":"2013-10-28T20:26:31","date_gmt":"2013-10-28T18:26:31","guid":{"rendered":"http:\/\/www.fricsay.hu\/?page_id=68"},"modified":"2017-03-11T12:22:26","modified_gmt":"2017-03-11T10:22:26","slug":"nevadonk","status":"publish","type":"page","link":"http:\/\/www.fricsay.hu\/?page_id=68","title":{"rendered":"N\u00e9vad\u00f3nk"},"content":{"rendered":"<div id=\"attachment_71\" style=\"width: 204px\" class=\"wp-caption alignleft\"><a href=\"http:\/\/www.fricsay.hu\/wp-content\/uploads\/2013\/10\/fricsay-kp2.jpg\"><img aria-describedby=\"caption-attachment-71\" decoding=\"async\" loading=\"lazy\" class=\"size-medium wp-image-71 \" style=\"margin: 5px; float: right;\" src=\"http:\/\/www.fricsay.hu\/wp-content\/uploads\/2013\/10\/fricsay-kp2-194x300.jpg\" alt=\"\" width=\"194\" height=\"300\" srcset=\"http:\/\/www.fricsay.hu\/wp-content\/uploads\/2013\/10\/fricsay-kp2-194x300.jpg 194w, http:\/\/www.fricsay.hu\/wp-content\/uploads\/2013\/10\/fricsay-kp2-662x1024.jpg 662w, http:\/\/www.fricsay.hu\/wp-content\/uploads\/2013\/10\/fricsay-kp2.jpg 1348w\" sizes=\"(max-width: 194px) 100vw, 194px\" \/><\/a><p id=\"caption-attachment-71\" class=\"wp-caption-text\">Fricsay Rich\u00e1rd<\/p><\/div>\n<p style=\"text-align: justify;\">\u00a0 \u00a0 \u00a0Id. Fricsay Rich\u00e1rd alezredes, zene\u00fcgyi igazgat\u00f3 a magyar katonazene emblematikus szem\u00e9lyis\u00e9ge, akinek \u00e9letm\u0171ve napjainkig meghat\u00e1rozza a katonazenekarok hely\u00e9t \u00e9s szerep\u00e9t a Magyar Honv\u00e9ds\u00e9gben.<\/p>\n<p style=\"text-align: justify;\">Fricsay Rich\u00e1rdnak m\u00e1r a sz\u00fclet\u00e9si d\u00e1tuma is szimbolikus jelent\u0151s\u00e9ggel b\u00edr, hiszen 1867-ben a kiegyez\u00e9s, \u00e9s a Magyar Honv\u00e9ds\u00e9g fel\u00e1ll\u00edt\u00e1s\u00e1nak ig\u00e9ny\u00e9nek megfogalmaz\u00e1sa \u00e9v\u00e9ben sz\u00fcletett a morvaorsz\u00e1gi Kremsier-ben. Ezt a korszakot a \u201eboldog b\u00e9keid\u0151nek\u201d is nevezik, amikor is Eur\u00f3pa ki \u00e9s belef\u00e1radva az \u00e1lland\u00f3 h\u00e1bor\u00fakt\u00f3l\u00a0a b\u00e9k\u00e9t \u00e9s a nyugalmat \u00e1h\u00edtotta. Ez az id\u0151szak nem csak az ipar, hanem egyben a m\u0171v\u00e9szetek forradalma is, benne a magyar katonazene legterm\u00e9kenyebb \u00e9s legszebb id\u0151szak\u00e1val, amelyben p\u00e1ratlan tehets\u00e9g\u0171 magyar katonakarmesterek \u00e9ltek \u00e9s alkottak.<\/p>\n<p style=\"text-align: justify;\">\u00a0 \u00a0 \u00a0 Fricsay \u00edr\u00e1sos dokumentumai alapj\u00e1n, zenei tanulm\u00e1nyait a n\u00e9met nyelv\u0171 Ferenc J\u00f3zsef \u00c1llami Zeneiskola n\u00f6vend\u00e9kek\u00e9nt kezdte. Zeneszerz\u0151i \u00e9s karmesteri k\u00e9pes\u00edt\u00e9s\u00e9t Olm\u00fctzben szerezte meg, ahol tan\u00e1ra Josef Nesvara volt. A sikeres karmesterk\u00e9pz\u0151 vizsga ut\u00e1n \u00e1llami bizony\u00edtv\u00e1nyt, zenetan\u00e1ri diplom\u00e1t szerzett heged\u0171, zongora \u00e9s orgona szakon. M\u00e9g a tanulm\u00e1nyi \u00e9vei alatt zenen\u00f6vend\u00e9k volt az 1883-ban fel\u00e1ll\u00edtott cs\u00e1sz\u00e1ri \u00e9s kir\u00e1lyi 100. gyalogezred zenekar\u00e1ban, amely Olm\u00fctzben \u00e1llom\u00e1sozott.<\/p>\n<p style=\"text-align: justify;\">Fricsay Rich\u00e1rd 1897 okt\u00f3ber\u00e9ben csal\u00e1dj\u00e1val egy\u00fctt \u00e9rkezett Sz\u00e9kesfeh\u00e9rv\u00e1rra, ahol a vele sz\u00fcletett zenei intelligenci\u00e1j\u00e1val \u00e9s kiv\u00e1l\u00f3 szervez\u0151i k\u00e9pess\u00e9g\u00e9vel hamar megh\u00f3d\u00edtotta Sz\u00e9kesfeh\u00e9rv\u00e1r lakoss\u00e1g\u00e1t. A sz\u00e9kesfeh\u00e9rv\u00e1ri 5. honv\u00e9dker\u00fclet zenekar\u00e1t a 17. honv\u00e9d gyalogezred keretein bel\u00fcl szervezt\u00e9k \u00e9s \u00e1ll\u00edtott\u00e1k fel. Ahhoz, hogy a katonai k\u00f6telezetts\u00e9gek elv\u00e9gz\u00e9se mellett a v\u00e1ros zenei \u00e9lete is fejl\u0151d\u00e9snek induljon a Magyar Honv\u00e9ds\u00e9g vezet\u0151i egy olyan katonakarmestert kerestek, akinek ezen ter\u00fcleten voltak m\u00e1r tapasztalatai. Fricsay megfelel\u0151 szem\u00e9ly volt erre, \u00edgy a zenekar fel\u00e1ll\u00edt\u00e1s\u00e1t re\u00e1 b\u00edzt\u00e1k. 1898-ban bemutatott els\u0151 nagy siker\u0171 koncertje m\u00e1r jelezte, hogy sikeres volt a kapcsolatteremt\u00e9s a v\u00e1ros zenei \u00e9let\u00e9hez \u00e9s polg\u00e1raihoz. A tehets\u00e9ges fiatal karmester a v\u00e1rosban p\u00e9lda\u00e9rt\u00e9k\u0171 kultur\u00e1lis \u00e9letet teremtett, \u00e1polta a magyar zenei hagyom\u00e1nyokat, l\u00e9trehozta a v\u00e1rosban a zeneiskol\u00e1t \u00e9s a v\u00e1rosi dal\u00e1rd\u00e1t, zenekar\u00e1nak koncertjeivel megh\u00f3d\u00edtotta az eg\u00e9sz Dun\u00e1nt\u00falt, annak minden v\u00e1ros\u00e1t.<\/p>\n<div id=\"attachment_76\" style=\"width: 310px\" class=\"wp-caption aligncenter\"><a href=\"http:\/\/www.fricsay.hu\/wp-content\/uploads\/2013\/10\/2.jpg\"><img aria-describedby=\"caption-attachment-76\" decoding=\"async\" loading=\"lazy\" class=\"size-medium wp-image-76 \" style=\"border: 1px solid red; margin-top: 5px; margin-bottom: 5px;\" src=\"http:\/\/www.fricsay.hu\/wp-content\/uploads\/2013\/10\/2-300x231.jpg\" alt=\"Fricsay fiatalkori arck\u00e9pe, Sz\u00e9kesfeh\u00e9rv\u00e1ri 5. honv\u00e9dker\u00fclet \" width=\"300\" height=\"231\" srcset=\"http:\/\/www.fricsay.hu\/wp-content\/uploads\/2013\/10\/2-300x231.jpg 300w, http:\/\/www.fricsay.hu\/wp-content\/uploads\/2013\/10\/2.jpg 500w\" sizes=\"(max-width: 300px) 100vw, 300px\" \/><\/a><p id=\"caption-attachment-76\" class=\"wp-caption-text\">Fricsay fiatalkori arck\u00e9pe, Sz\u00e9kesfeh\u00e9rv\u00e1ri 5. honv\u00e9dker\u00fclet zenekara<\/p><\/div>\n<p style=\"text-align: justify;\">1913 tavasz\u00e1n az 5. honv\u00e9dker\u00fcletet feloszlatt\u00e1k \u00e9s a zenekart Nagyv\u00e1radra helyezt\u00e9k \u00e1t. Mivel Fricsay-nak egy v\u00e1ros zenei \u00e9let\u00e9nek felvir\u00e1goztat\u00e1sa ter\u00e9n m\u00e1r sok tapasztalata volt, feltehet\u0151en ez\u00e9rt rem\u00e9nykedtek a Honv\u00e9delmi Miniszt\u00e9rium vezet\u0151i abban, hogy ezt a feladatot is brav\u00farral, a sz\u00e9kesfeh\u00e9rv\u00e1rihoz hasonl\u00f3an teljes\u00edti majd. Ottani m\u0171k\u00f6d\u00e9se azonban nem volt hossz\u00fa \u00e9let\u0171. M\u00e9g az \u00e9v november 3.-\u00e1n \u00e1t kellett vennie az orsz\u00e1g legnagyobb l\u00e9tsz\u00e1m\u00fa reprezentat\u00edv zenekar\u00e1t a budapesti 1. honv\u00e9dker\u00fclet zenekar vezet\u00e9s\u00e9t. A legend\u00e1s h\u00edr\u0171 dezseri bach\u00f3 Istv\u00e1n karnagy ut\u00f3dja csakis egy j\u00f3 k\u00e9pess\u00e9g\u0171 karmester lehetett, \u00e9s \u00edgy a v\u00e1laszt\u00e1s Fricsay- ra esett. Fricsay m\u00e9lt\u00f3 ut\u00f3dja lett Bach\u00f3-nak \u00e9s zenekar\u00e1val Budapest m\u0171v\u00e9szeti \u00e9let\u00e9nek fontos t\u00e9nyez\u0151j\u00e9v\u00e9 v\u00e1lt. A Fricsay \u00e1ltal vezetett zenekar, \u00e1lland\u00f3 fell\u00e9p\u00e9seivel n\u00e9pszer\u0171s\u00edtette a magyar zenekult\u00far\u00e1t \u00e9s a katonai hagyom\u00e1nyokat itthon \u00e9s k\u00fclf\u00f6ld\u00f6n egyar\u00e1nt. Az els\u0151 vil\u00e1gh\u00e1bor\u00fa alatt a zenekar a kir\u00e1lyi udvar el\u0151tt adott koncertet a bajororsz\u00e1gi M\u00fcnchenben \u00e9s tov\u00e1bbi n\u00e9met v\u00e1rosokban. Egy eml\u00e9kezetes Bayreuth- i koncerten a zenekar fell\u00e9pett Siegfried Wagner \u00e9s csal\u00e1dja tisztelet\u00e9re. Fricsay volt az els\u0151 magyar karmester, aki zenekar\u00e1val Bayreuth-ban koncertezhetett. A bajor kir\u00e1ly katonai \u00e9rdemkereszttel t\u00fcntette ki. 1918-ban egy m\u00e1sik k\u00fclf\u00f6ldi turn\u00e9ra ker\u00fclt sor, ez\u00fattal Bulg\u00e1ri\u00e1ba \u00e9s T\u00f6r\u00f6korsz\u00e1gba. A zenekarnak Konstantin\u00e1polyban \u00f3ri\u00e1si sikere volt. Erre az \u00fatra a zenekart a korm\u00e1ny meghatalmazottja, az ismert orientalista Germanus professzor is elk\u00eds\u00e9rte. A professzor visszaeml\u00e9kez\u00e9seiben v\u00e1zolta a cs\u00e1sz\u00e1ri udvar \u00e9s a t\u00f6r\u00f6k k\u00f6z\u00f6ns\u00e9g megh\u00f3d\u00edt\u00e1s\u00e1t, amelyet a Fricsay \u00e1ltal vezetett honv\u00e9d zenekar vitt v\u00e9ghez. Mehmed szult\u00e1nt\u00f3l szem\u00e9lyesen vehette \u00e1t a Medjidie Rend \u00e9s az Oszm\u00e1n rend kit\u00fcntet\u00e9s\u00e9t.<\/p>\n<p style=\"text-align: justify;\">1918-19 tel\u00e9n Fricsay m\u00e9g adott koncerteket a zenekarral, ezek azonban a Magyar Tan\u00e1csk\u00f6zt\u00e1rsas\u00e1g elleni intervenci\u00f3 idej\u00e9n sz\u00fcneteltek. Fricsay a zenekar\u00e1t Dun\u00e1nt\u00falra csemp\u00e9szte, ahol alakul\u00f3ban volt a nemzeti hadsereg. Amikor Horthy Mikl\u00f3s 1919-ben bevonult Budapestre, Fricsay \u00e9s zenekara is vel\u00fck volt. Megszervezte a Kir\u00e1lyi Honv\u00e9ds\u00e9g zenei \u00e9let\u00e9t. Tapasztalataival \u00e9s szem\u00e9lyes tekint\u00e9ly\u00e9vel siker\u00fclt el\u00e9rnie, hogy a karmestereket a hadseregben f\u0151\u00e1ll\u00e1sban alkalmazz\u00e1k. Jogosultak lettek a nyugd\u00edjra \u00e9s t\u00e1rsadalmi elismerts\u00e9g\u00fck is n\u0151t. Amikor Fricsayt 1920-ban zene\u00fcgyi igazgat\u00f3nak nevezt\u00e9k ki, lehet\u0151s\u00e9g ny\u00edlt arra, hogy kiv\u00e1l\u00f3 szakmai tud\u00e1s\u00e1t \u00e9s szervez\u0151i tehets\u00e9g\u00e9t a teljes magyar katonazene szolg\u00e1lat\u00e1ba \u00e1ll\u00edtsa. Felismerte a katonazenekarok bizonytalan helyzet\u00e9t az ezredekben, ez\u00e9rt k\u00fcl\u00f6n honv\u00e9delmi t\u00f6rv\u00e9nyekkel igyekezett biztos\u00edtani a katonazene szerep\u00e9t \u00e9s jelent\u0151s\u00e9g\u00e9t a magyar honv\u00e9ds\u00e9gben. Elt\u00f6k\u00e9lt sz\u00e1nd\u00e9ka volt a katonazenekarok szakmai sz\u00ednvonal\u00e1nak emel\u00e9se, amellyel azt rem\u00e9lte, hogy tov\u00e1bbi elismerts\u00e9get \u00e9s megbecs\u00fcl\u00e9st szerez a civil lakoss\u00e1gn\u00e1l \u00e9s a fenntart\u00f3 int\u00e9zm\u00e9nyn\u00e9l. A karmesterek k\u00e9pzetts\u00e9gi szintj\u00e9nek emel\u00e9se \u00e9rdek\u00e9ben el\u0151\u00edrta a legmagasabb karmesteri diploma megszerz\u00e9s\u00e9nek a sz\u00fcks\u00e9gess\u00e9g\u00e9t, \u00e9s ehhez j\u00f3 p\u00e9ld\u00e1val j\u00e1rva el\u0151l, els\u0151k\u00e9nt teszi le ezt a vizsg\u00e1t. Mint a katonazene legrangosabb vezet\u0151je l\u00e9trehozta azt a katonazen\u00e9szi \u2013 zenen\u00f6vend\u00e9k \u2013 k\u00e9pz\u00e9st, amely folyamatosan biztos\u00edtani tudta a katonazenekarok szem\u00e9lyi \u00e1llom\u00e1ny\u00e1nak az ut\u00e1np\u00f3tl\u00e1s\u00e1t. Az orsz\u00e1g legismertebb szaktekint\u00e9lyek\u00e9nt felk\u00e9rt\u00e9k, hogy szervezzen \u00fajabb zenekarokat a folyam\u0151rs\u00e9gn\u00e9l, az \u00e1llamrend\u0151rs\u00e9gn\u00e9l.<br \/>\n<strong><em>K\u00e9p\/ &#8211; 1.honv\u00e9dker\u00fclet zenekara 1918-ban, \u00e9len Fricsay-val<\/em><\/strong><\/p>\n<div id=\"attachment_77\" style=\"width: 310px\" class=\"wp-caption aligncenter\"><a href=\"http:\/\/www.fricsay.hu\/wp-content\/uploads\/2013\/10\/3.jpg\"><img aria-describedby=\"caption-attachment-77\" decoding=\"async\" loading=\"lazy\" class=\"size-medium wp-image-77 \" style=\"border: 1px solid red; margin-top: 5px; margin-bottom: 5px;\" src=\"http:\/\/www.fricsay.hu\/wp-content\/uploads\/2013\/10\/3-300x219.jpg\" alt=\"Fricsay \u00e9s zenekara a Magyar R\u00e1di\u00f3ban az 1930-as \u00e9vekben.\" width=\"300\" height=\"219\" srcset=\"http:\/\/www.fricsay.hu\/wp-content\/uploads\/2013\/10\/3-300x219.jpg 300w, http:\/\/www.fricsay.hu\/wp-content\/uploads\/2013\/10\/3.jpg 500w\" sizes=\"(max-width: 300px) 100vw, 300px\" \/><\/a><p id=\"caption-attachment-77\" class=\"wp-caption-text\">Fricsay \u00e9s zenekara a Magyar R\u00e1di\u00f3ban az 1930-as \u00e9vekben.<\/p><\/div>\n<p style=\"text-align: justify;\">A technikai fejl\u0151d\u00e9ssel \u00f6sszhangban Fricsay hamar felismeri \u00e9s kihaszn\u00e1lja azt a lehet\u0151s\u00e9geket, amely a frissen beind\u00edtott Magyar R\u00e1di\u00f3 sug\u00e1rz\u00e1s\u00e1ban \u00e9s a Magyar Filmgy\u00e1r m\u0171k\u00f6d\u00e9s\u00e9ben rejlett. Fricsay a zenekar\u00e1val \u2013 a Honv\u00e9delmi Miniszt\u00e9rium egyet\u00e9rt\u00e9s\u00e9vel &#8211; t\u00f6bb mint ezer r\u00e1di\u00f3 koncerttel \u00e9s sz\u00e1mos hanglemezzel sz\u00f3rakoztatta a zeneszeret\u0151 k\u00f6z\u00f6ns\u00e9get \u00e9s k\u00e9pviselte a honv\u00e9ds\u00e9g kultur\u00e1lis \u00e9let\u00e9t. A filmgy\u00e1r \u00e1ltal k\u00e9sz\u00edtett produkci\u00f3kban katonazenekarok szolg\u00e1ltatt\u00e1k a zen\u00e9t, amelyet Fricsay zenei szerkeszt\u0151k\u00e9nt is fel\u00fcgyelt. A zeneigazgat\u00f3 gondoskodott bajt\u00e1rsair\u00f3l \u00e9s a t\u00f6bbi katonazenekar sz\u00e1m\u00e1ra is lehet\u0151s\u00e9geket teremtett fell\u00e9p\u00e9sekre, t\u00e9rzen\u00e9kre, \u00e9s a R\u00e1di\u00f3ban is \u00f6n\u00e1ll\u00f3 produkci\u00f3kkal mutatkozhattak be. Fricsay a ny\u00e1ri h\u00f3napok idej\u00e9n k\u00e9t-h\u00e1rom f\u00fav\u00f3skoncertet tartott, amelyek magas sz\u00ednvonalukkal, ig\u00e9nyess\u00e9g\u00fckkel minden hallgat\u00f3 sz\u00e1m\u00e1ra felejthetetlenek voltak. Mivel ezek a koncertek igazi zenei csemeg\u00e9nek sz\u00e1m\u00edtottak, a magyar zenei \u00e9let el\u0151kel\u0151s\u00e9gei mindig sz\u00edvesen tettek eleget Fricsay megh\u00edv\u00e1s\u00e1nak.<\/p>\n<p style=\"text-align: justify;\">Az orsz\u00e1gszerte ismert karmester 1934-ben 38 \u00e9ves szolg\u00e1lati id\u0151 ut\u00e1n vonult nyugd\u00edjba. A r\u00e1di\u00f3ban 1934. j\u00fanius 6.-\u00e1n vez\u00e9nyelte utolj\u00e1ra zenekar\u00e1t. A b\u00facs\u00fa\u00fcnneps\u00e9gen \u00edgy k\u00f6sz\u00f6nt\u00f6tt\u00e9k, \u201ecsak, mint katonakarmester b\u00facs\u00fazunk t\u0151led, mint karnagyra \u00f6r\u00f6kre sz\u00fcks\u00e9g\u00fcnk lesz r\u00e1d\u201d. Fricsay a R\u00e1di\u00f3ban 1944. \u00e1prilis 3.-\u00e1n l\u00e9pett fel utolj\u00e1ra a Budapesti Koncertzenekart vez\u00e9nyelve. Az utols\u00f3 m\u0171sorsz\u00e1m alatt t\u00f6bbsz\u00f6r megsz\u00f3laltak a szir\u00e9n\u00e1k. Az id\u0151s karnagy a megsz\u00e1ll\u00e1ssal j\u00e1r\u00f3 neh\u00e9zs\u00e9geket m\u00e1r nem tudta elviselni \u00e9s 1945. m\u00e1rcius 16.-\u00e1n elhunyt.<\/p>\n<p style=\"text-align: justify;\">Fricsay \u00e9lete \u00e9s munk\u00e1ss\u00e1ga a magyar katonazen\u00e9r\u0151l sz\u00f3lt, amelyet kit\u00fcntet\u00e9sei is m\u00e9lt\u00f3n bizony\u00edtanak. A kiv\u00e1l\u00f3 karmester nagyon sok zen\u00e9sz gener\u00e1ci\u00f3t nevelt fel. Morvaorsz\u00e1gi sz\u00e1rmaz\u00e1sa ellen\u00e9re \u00edzig-v\u00e9rig magyarnak vallotta mag\u00e1t, \u00e9s k\u00f6teless\u00e9g\u00e9nek \u00e9rezte a magyar zene \u00e9s a honv\u00e9d kult\u00fara hagyom\u00e1nyainak \u00e1pol\u00e1s\u00e1t, amir\u0151l zeneszerz\u0151i munk\u00e1ss\u00e1ga is tan\u00faskodik. Fricsay Rich\u00e1rd majd f\u00e9l \u00e9vsz\u00e1zadon \u00e1t szolg\u00e1lta v\u00e1lasztott haz\u00e1j\u00e1t, \u00e9s a magyar honv\u00e9ds\u00e9get.<\/p>\n<p style=\"text-align: left;\">Id. Fricsay Rich\u00e1rd kit\u00fcntet\u00e9sei a k\u00f6vetkez\u0151k voltak:<\/p>\n<p style=\"text-align: left;\">Pro Ecclesia et Pontifice \u00c9rdemkereszt 1906.<br \/>\nKoron\u00e1s Arany \u00c9rdemkereszt 1908.<br \/>\nBolg\u00e1r Nemzeti Katonai \u00c9rdemrend Lovagkereszt<br \/>\nBolg\u00e1r V\u00f6r\u00f6skereszt D\u00edszjelv\u00e9ny II. oszt\u00e1ly<br \/>\nBajor Katonai \u00c9rdemkereszt<br \/>\nMedjidie rend V. oszt\u00e1ly<br \/>\nOszm\u00e1n rend IV. oszt\u00e1ly<br \/>\nVas f\u00e9lhold rend<br \/>\nLichtenstein Hercegi Jubileumi Eml\u00e9k\u00e9rem 1910.<\/p>\n<p>\u00a0<a href=\"http:\/\/www.fricsay.hu\/wp-content\/uploads\/2013\/10\/N\u00e9vtelen-5jpgkk.jpg\"><img decoding=\"async\" loading=\"lazy\" class=\"alignnone size-large wp-image-849\" src=\"http:\/\/www.fricsay.hu\/wp-content\/uploads\/2013\/10\/N\u00e9vtelen-5jpgkk-1024x781.jpg\" alt=\"N\u00e9vtelen-5jpgkk\" width=\"640\" height=\"488\" srcset=\"http:\/\/www.fricsay.hu\/wp-content\/uploads\/2013\/10\/N\u00e9vtelen-5jpgkk-1024x781.jpg 1024w, http:\/\/www.fricsay.hu\/wp-content\/uploads\/2013\/10\/N\u00e9vtelen-5jpgkk-300x229.jpg 300w\" sizes=\"(max-width: 640px) 100vw, 640px\" \/><\/a><\/p>\n","protected":false},"excerpt":{"rendered":"<p>\u00a0 \u00a0 \u00a0Id. Fricsay Rich\u00e1rd alezredes, zene\u00fcgyi igazgat\u00f3 a magyar katonazene emblematikus szem\u00e9lyis\u00e9ge, akinek \u00e9letm\u0171ve napjainkig meghat\u00e1rozza a katonazenekarok hely\u00e9t \u00e9s szerep\u00e9t a Magyar Honv\u00e9ds\u00e9gben. Fricsay Rich\u00e1rdnak m\u00e1r a sz\u00fclet\u00e9si d\u00e1tuma is szimbolikus jelent\u0151s\u00e9ggel b\u00edr, hiszen 1867-ben a kiegyez\u00e9s, \u00e9s &hellip; <a href=\"http:\/\/www.fricsay.hu\/?page_id=68\">Egy kattint\u00e1s ide a folytat\u00e1shoz&#8230;. <span class=\"meta-nav\">&rarr;<\/span><\/a><\/p>\n","protected":false},"author":1,"featured_media":0,"parent":0,"menu_order":0,"comment_status":"closed","ping_status":"closed","template":"","meta":{"ngg_post_thumbnail":0},"_links":{"self":[{"href":"http:\/\/www.fricsay.hu\/index.php?rest_route=\/wp\/v2\/pages\/68"}],"collection":[{"href":"http:\/\/www.fricsay.hu\/index.php?rest_route=\/wp\/v2\/pages"}],"about":[{"href":"http:\/\/www.fricsay.hu\/index.php?rest_route=\/wp\/v2\/types\/page"}],"author":[{"embeddable":true,"href":"http:\/\/www.fricsay.hu\/index.php?rest_route=\/wp\/v2\/users\/1"}],"replies":[{"embeddable":true,"href":"http:\/\/www.fricsay.hu\/index.php?rest_route=%2Fwp%2Fv2%2Fcomments&post=68"}],"version-history":[{"count":16,"href":"http:\/\/www.fricsay.hu\/index.php?rest_route=\/wp\/v2\/pages\/68\/revisions"}],"predecessor-version":[{"id":984,"href":"http:\/\/www.fricsay.hu\/index.php?rest_route=\/wp\/v2\/pages\/68\/revisions\/984"}],"wp:attachment":[{"href":"http:\/\/www.fricsay.hu\/index.php?rest_route=%2Fwp%2Fv2%2Fmedia&parent=68"}],"curies":[{"name":"wp","href":"https:\/\/api.w.org\/{rel}","templated":true}]}}